{"id":229608,"date":"2025-02-25T11:01:13","date_gmt":"2025-02-25T10:01:13","guid":{"rendered":"https:\/\/www.qualipath.de\/nuertingen\/?page_id=229608"},"modified":"2025-06-12T08:13:23","modified_gmt":"2025-06-12T06:13:23","slug":"prof-dr-med-bence-sipos","status":"publish","type":"page","link":"https:\/\/www.qualipath.de\/nuertingen\/team\/aerzte-team\/prof-dr-med-bence-sipos\/","title":{"rendered":"Prof. Dr. med. Bence Sipos"},"content":{"rendered":"<p>[et_pb_section fb_built=&#8220;1&#8243; admin_label=&#8220;Slider&#8220; _builder_version=&#8220;4.27.4&#8243; _module_preset=&#8220;default&#8220; width=&#8220;100vw&#8220; max_width=&#8220;100vw&#8220; custom_padding=&#8220;0px||0px||false|false&#8220; locked=&#8220;off&#8220; global_colors_info=&#8220;{}&#8220;][et_pb_row _builder_version=&#8220;4.27.4&#8243; _module_preset=&#8220;default&#8220; width=&#8220;90%&#8220; width_tablet=&#8220;100%&#8220; width_phone=&#8220;100%&#8220; width_last_edited=&#8220;on|phone&#8220; custom_margin=&#8220;0px||0px||false|false&#8220; custom_padding=&#8220;0px||0px||false|false&#8220; global_colors_info=&#8220;{}&#8220;][et_pb_column type=&#8220;4_4&#8243; _builder_version=&#8220;4.27.4&#8243; _module_preset=&#8220;default&#8220; global_colors_info=&#8220;{}&#8220;][et_pb_slider show_arrows=&#8220;off&#8220; show_pagination=&#8220;off&#8220; admin_label=&#8220;Slider-Bild&#8220; _builder_version=&#8220;4.27.4&#8243; _module_preset=&#8220;default&#8220; background_enable_image=&#8220;off&#8220; custom_margin=&#8220;||0px||false|false&#8220; auto=&#8220;on&#8220; hover_enabled=&#8220;0&#8243; custom_css_slide_title=&#8220;animation-name:fadeTop;&#8220; custom_css_slide_image=&#8220;animation-name:fadeTop;&#8220; global_colors_info=&#8220;{}&#8220; sticky_enabled=&#8220;0&#8243;][et_pb_slide _builder_version=&#8220;4.27.4&#8243; _module_preset=&#8220;default&#8220; background_enable_color=&#8220;off&#8220; background_image=&#8220;https:\/\/www.qualipath.de\/nuertingen\/wp-content\/uploads\/sites\/3\/2025\/02\/prof-dr-med-sipos-header.jpg&#8220; background_enable_image=&#8220;on&#8220; global_colors_info=&#8220;{}&#8220; sticky_transition=&#8220;on&#8220;][\/et_pb_slide][\/et_pb_slider][et_pb_text admin_label=&#8220;Slider-Headline&#8220; _builder_version=&#8220;4.27.4&#8243; _module_preset=&#8220;default&#8220; text_text_color=&#8220;#1D1D1B&#8220; text_font_size=&#8220;28px&#8220; text_line_height=&#8220;1.2em&#8220; header_4_font=&#8220;|600|||||||&#8220; header_4_text_color=&#8220;#1D1D1B&#8220; header_4_font_size=&#8220;30px&#8220; header_4_line_height=&#8220;1.2em&#8220; background_color=&#8220;RGBA(255,255,255,0)&#8220; use_background_color_gradient=&#8220;on&#8220; background_color_gradient_direction=&#8220;91deg&#8220; background_color_gradient_stops=&#8220;#ffffff 0%|rgba(0,196,163,0) 98%&#8220; positioning=&#8220;absolute&#8220; position_origin_a=&#8220;bottom_left&#8220; z_index=&#8220;500&#8243; width=&#8220;50%&#8220; custom_padding=&#8220;2%|5%|1%|5%|false|true&#8220; animation_style=&#8220;slide&#8220; animation_direction=&#8220;bottom&#8220; animation_intensity_slide=&#8220;5%&#8220; hover_enabled=&#8220;0&#8243; global_colors_info=&#8220;{}&#8220; sticky_enabled=&#8220;0&#8243;]<\/p>\n<h1><strong>Prof. dr. med. Bence Sipos<\/strong><\/h1>\n<h1><\/h1>\n<p>[\/et_pb_text][\/et_pb_column][\/et_pb_row][\/et_pb_section][et_pb_section fb_built=&#8220;1&#8243; module_id=&#8220;vita&#8220; _builder_version=&#8220;4.27.4&#8243; _module_preset=&#8220;default&#8220; locked=&#8220;off&#8220; collapsed=&#8220;on&#8220; global_colors_info=&#8220;{}&#8220;][et_pb_row _builder_version=&#8220;4.27.4&#8243; _module_preset=&#8220;default&#8220; width=&#8220;90%&#8220; global_colors_info=&#8220;{}&#8220;][et_pb_column type=&#8220;4_4&#8243; _builder_version=&#8220;4.27.4&#8243; _module_preset=&#8220;default&#8220; global_colors_info=&#8220;{}&#8220;][et_pb_text _builder_version=&#8220;4.27.4&#8243; _module_preset=&#8220;default&#8220; global_colors_info=&#8220;{}&#8220;]<\/p>\n<h3><strong>Gesellschafter Qualipath<\/strong><\/h3>\n<h3><strong>Facharzt f\u00fcr Pathologie<br \/>\nMolekularpathologie<br \/>\nFachbezogene Humangenetische Beratung<\/strong><\/h3>\n<p>[\/et_pb_text][dipi_table_of_content show_table_title=&#8220;off&#8220; use_header_icon=&#8220;off&#8220; heading_tags=&#8220;off|on|off|off|off|off&#8220; scroll_offset=&#8220;200&#8243; show_list_numbers=&#8220;off&#8220; show_list_bullets=&#8220;on&#8220; item_bullet=&#8220;&#xf054;||fa||900&#8243; bullet_spacing=&#8220;15px&#8220; table_title_background=&#8220;RGBA(255,255,255,0)&#8220; title_padding=&#8220;20px|20px|20px|25px|false|false&#8220; title_margin=&#8220;0px|0px|0px|0px|false|false&#8220; content_background=&#8220;RGBA(255,255,255,0)&#8220; content_padding=&#8220;10px|10px|10px|10px|false|false&#8220; list_custom_padding_1=&#8220;0px|0px|0px|0px|false|false&#8220; list_custom_padding_2=&#8220;0px|0px|0px|5px|false|false&#8220; _builder_version=&#8220;4.27.4&#8243; _module_preset=&#8220;default&#8220; tabel_title_text_color=&#8220;#0092BB&#8220; tabel_title_font_size=&#8220;19px&#8220; content_list_font=&#8220;|700|||||||&#8220; content_list_text_color__hover=&#8220;#0092BB&#8220; border_width_all_tabel_title=&#8220;2px&#8220; border_color_all_tabel_title=&#8220;#0092BB&#8220; border_color_all_h1=&#8220;#0092BB&#8220; global_colors_info=&#8220;{}&#8220; content_list_text_color__hover_enabled=&#8220;on|hover&#8220;][\/dipi_table_of_content][\/et_pb_column][\/et_pb_row][et_pb_row _builder_version=&#8220;4.27.4&#8243; _module_preset=&#8220;default&#8220; width=&#8220;90%&#8220; custom_margin=&#8220;||||false|false&#8220; custom_padding=&#8220;||0px||false|false&#8220; global_colors_info=&#8220;{}&#8220;][et_pb_column type=&#8220;4_4&#8243; _builder_version=&#8220;4.27.4&#8243; _module_preset=&#8220;default&#8220; global_colors_info=&#8220;{}&#8220;][et_pb_text _builder_version=&#8220;4.27.4&#8243; _module_preset=&#8220;default&#8220; global_colors_info=&#8220;{}&#8220;]<\/p>\n<h2>Vita<\/h2>\n<p>[\/et_pb_text][\/et_pb_column][\/et_pb_row][et_pb_row column_structure=&#8220;1_3,2_3&#8243; _builder_version=&#8220;4.27.4&#8243; _module_preset=&#8220;default&#8220; width=&#8220;90%&#8220; custom_margin=&#8220;||||false|false&#8220; custom_padding=&#8220;||0px||false|false&#8220; global_colors_info=&#8220;{}&#8220;][et_pb_column type=&#8220;1_3&#8243; _builder_version=&#8220;4.27.4&#8243; _module_preset=&#8220;default&#8220; global_colors_info=&#8220;{}&#8220;][et_pb_text _builder_version=&#8220;4.27.4&#8243; _module_preset=&#8220;default&#8220; global_colors_info=&#8220;{}&#8220;]<\/p>\n<h4><strong>STUDIUM<\/strong><\/h4>\n<p>[\/et_pb_text][\/et_pb_column][et_pb_column type=&#8220;2_3&#8243; _builder_version=&#8220;4.27.4&#8243; _module_preset=&#8220;default&#8220; global_colors_info=&#8220;{}&#8220;][et_pb_text _builder_version=&#8220;4.27.4&#8243; _module_preset=&#8220;default&#8220; global_colors_info=&#8220;{}&#8220;]<\/p>\n<p>1984-1990 Semmelweis Universit\u00e4t. Budapest, Ungarn (Humanmedizin)<\/p>\n<p>[\/et_pb_text][\/et_pb_column][\/et_pb_row][et_pb_row column_structure=&#8220;1_3,2_3&#8243; _builder_version=&#8220;4.27.4&#8243; _module_preset=&#8220;default&#8220; width=&#8220;90%&#8220; custom_margin=&#8220;||||false|false&#8220; custom_padding=&#8220;||0px||false|false&#8220; global_colors_info=&#8220;{}&#8220;][et_pb_column type=&#8220;1_3&#8243; _builder_version=&#8220;4.27.4&#8243; _module_preset=&#8220;default&#8220; global_colors_info=&#8220;{}&#8220;][et_pb_text _builder_version=&#8220;4.27.4&#8243; _module_preset=&#8220;default&#8220; global_colors_info=&#8220;{}&#8220;]<\/p>\n<h4><strong>FACHARZT<\/strong><\/h4>\n<p>[\/et_pb_text][\/et_pb_column][et_pb_column type=&#8220;2_3&#8243; _builder_version=&#8220;4.27.4&#8243; _module_preset=&#8220;default&#8220; global_colors_info=&#8220;{}&#8220;][et_pb_text _builder_version=&#8220;4.27.4&#8243; _module_preset=&#8220;default&#8220; global_colors_info=&#8220;{}&#8220;]<\/p>\n<p>1994 Facharzt f\u00fcr Pathologie und Zytopathologie, Ungarn<\/p>\n<p>2001 Facharzt f\u00fcr Pathologie, Deutschland<\/p>\n<p>[\/et_pb_text][\/et_pb_column][\/et_pb_row][et_pb_row column_structure=&#8220;1_3,2_3&#8243; _builder_version=&#8220;4.27.4&#8243; _module_preset=&#8220;default&#8220; width=&#8220;90%&#8220; custom_margin=&#8220;||||false|false&#8220; custom_padding=&#8220;||0px||false|false&#8220; locked=&#8220;off&#8220; global_colors_info=&#8220;{}&#8220;][et_pb_column type=&#8220;1_3&#8243; _builder_version=&#8220;4.27.4&#8243; _module_preset=&#8220;default&#8220; global_colors_info=&#8220;{}&#8220;][et_pb_text _builder_version=&#8220;4.27.4&#8243; _module_preset=&#8220;default&#8220; global_colors_info=&#8220;{}&#8220;]<\/p>\n<h4><strong>HABITILATION<\/strong><\/h4>\n<p>[\/et_pb_text][\/et_pb_column][et_pb_column type=&#8220;2_3&#8243; _builder_version=&#8220;4.27.4&#8243; _module_preset=&#8220;default&#8220; global_colors_info=&#8220;{}&#8220;][et_pb_text _builder_version=&#8220;4.27.4&#8243; _module_preset=&#8220;default&#8220; global_colors_info=&#8220;{}&#8220;]<\/p>\n<p>2006 Venia legendi f\u00fcr Pathologie, Med. Fakult\u00e4t, Christian Albrechts Universit\u00e4t, Kiel<br \/>\u201eExperimentelle Modelle und morphologisch-funktionelle Untersuchungen zur Angio- und Lymphangiogenese in Pankreastumoren\u201c<\/p>\n<p>2008 Ruf \u201eAssistenzprofessur f\u00fcr Molekulare Pathologie\u201c (tenure Track) am Institut f\u00fcr Klinische Pathologie, Universit\u00e4t Z\u00fcrich<\/p>\n<p>2008 Ruf W3-Professur (ohne Leitungsfunktion) f\u00fcr Tumorpathologie am Institut f\u00fcr Pathologie, Eberhard-Karls-Universit\u00e4t, T\u00fcbingen<\/p>\n<p>[\/et_pb_text][\/et_pb_column][\/et_pb_row][et_pb_row column_structure=&#8220;1_3,2_3&#8243; _builder_version=&#8220;4.27.4&#8243; _module_preset=&#8220;default&#8220; width=&#8220;90%&#8220; custom_margin=&#8220;||||false|false&#8220; custom_padding=&#8220;||0px||false|false&#8220; locked=&#8220;off&#8220; global_colors_info=&#8220;{}&#8220;][et_pb_column type=&#8220;1_3&#8243; _builder_version=&#8220;4.27.4&#8243; _module_preset=&#8220;default&#8220; global_colors_info=&#8220;{}&#8220;][et_pb_text _builder_version=&#8220;4.27.4&#8243; _module_preset=&#8220;default&#8220; global_colors_info=&#8220;{}&#8220;]<\/p>\n<h4><strong>BERUFLICHER WERDEGANG<\/strong><\/h4>\n<p>[\/et_pb_text][\/et_pb_column][et_pb_column type=&#8220;2_3&#8243; _builder_version=&#8220;4.27.4&#8243; _module_preset=&#8220;default&#8220; global_colors_info=&#8220;{}&#8220;][et_pb_text _builder_version=&#8220;4.27.4&#8243; _module_preset=&#8220;default&#8220; global_colors_info=&#8220;{}&#8220;]<\/p>\n<p>1990-1998 Assistenzarzt am II. Institut f\u00fcr Pathologie, Semmelweis Universit\u00e4t Budapest, Ungarn<\/p>\n<p>1998-1999 \u201eE\u00f6tv\u00f6s\u201c Studium am Institut f\u00fcr Pathologie, Universit\u00e4tsklinikum Schleswig-Holstein, Kiel<\/p>\n<p>1999-2004 Assistenzarzt am Institut f\u00fcr Pathologie, Universit\u00e4tsklinikum Schleswig-Holstein, Kiel<\/p>\n<p>2004-2005 Oberarzt am Institut f\u00fcr Pathologie, Universit\u00e4tsklinikum Schleswig-Holstein, Kiel<\/p>\n<p>2007 Fakultative Weiterbildung\/Zusatzbezeichnung: Molekularpathologie<\/p>\n<p>2008 leitender Oberarzt am Institut f\u00fcr Pathologie, Universit\u00e4tsklinikum T\u00fcbingen, T\u00fcbingen<\/p>\n<p>2013 Stellvertretender \u00e4rztlicher Direktor am Institut f\u00fcr Pathologie und Neuropathologie, Universit\u00e4tsklinikum T\u00fcbingen, T\u00fcbingen<\/p>\n<p>2018 Wissenschaftlicher Mitarbeiter (Teilzeit), Medizinische Klinik VIII, Klinik f\u00fcr Onkologie und Pulmonologie, UKT<\/p>\n<p>2018 Gesellschafter der Berufsaus\u00fcbungsgemeinschaft f\u00fcr Pathologie und Molekularpathologie Sipos &amp; Weiler, Stuttgart<\/p>\n<p>2019 Gesch\u00e4ftsf\u00fchrer und Gesellschafter TBAG Molekulare Pathologie Baden-W\u00fcrttemberg GbR<\/p>\n<p>2019 Referenzpathologe, NET Zentrum, UKT<\/p>\n<p>2020 Wissenschaftlicher Leiter, ENETS Center o Excellence, UKT<\/p>\n<p>[\/et_pb_text][\/et_pb_column][\/et_pb_row][et_pb_row column_structure=&#8220;1_3,2_3&#8243; _builder_version=&#8220;4.27.4&#8243; _module_preset=&#8220;default&#8220; width=&#8220;90%&#8220; custom_margin=&#8220;||||false|false&#8220; custom_padding=&#8220;||0px||false|false&#8220; locked=&#8220;off&#8220; global_colors_info=&#8220;{}&#8220;][et_pb_column type=&#8220;1_3&#8243; _builder_version=&#8220;4.27.4&#8243; _module_preset=&#8220;default&#8220; global_colors_info=&#8220;{}&#8220;][et_pb_text _builder_version=&#8220;4.27.4&#8243; _module_preset=&#8220;default&#8220; global_colors_info=&#8220;{}&#8220;]<\/p>\n<h4><strong>DIAGNOSTISCHE SCHWERPUNKTE<\/strong><\/h4>\n<p>[\/et_pb_text][\/et_pb_column][et_pb_column type=&#8220;2_3&#8243; _builder_version=&#8220;4.27.4&#8243; _module_preset=&#8220;default&#8220; global_colors_info=&#8220;{}&#8220;][et_pb_text _builder_version=&#8220;4.27.4&#8243; _module_preset=&#8220;default&#8220; global_colors_info=&#8220;{}&#8220;]<\/p>\n<p>Gastointestinale Pathologie, insbesondere Pankreas- und Lebererkrankungen<br \/>Neuroendokrine Neoplasien<br \/>Uropathologie, HNO- und Lungenerkrankungen<br \/>Weichteiltumoren und molekulare Pathologie<\/p>\n<p>[\/et_pb_text][\/et_pb_column][\/et_pb_row][et_pb_row column_structure=&#8220;1_3,2_3&#8243; _builder_version=&#8220;4.27.4&#8243; _module_preset=&#8220;default&#8220; width=&#8220;90%&#8220; custom_margin=&#8220;||||false|false&#8220; custom_padding=&#8220;||0px||false|false&#8220; locked=&#8220;off&#8220; global_colors_info=&#8220;{}&#8220;][et_pb_column type=&#8220;1_3&#8243; _builder_version=&#8220;4.27.4&#8243; _module_preset=&#8220;default&#8220; global_colors_info=&#8220;{}&#8220;][et_pb_text _builder_version=&#8220;4.27.4&#8243; _module_preset=&#8220;default&#8220; global_colors_info=&#8220;{}&#8220;]<\/p>\n<h4><strong>MITGLIEDSCHAFTEN<\/strong><\/h4>\n<p>[\/et_pb_text][\/et_pb_column][et_pb_column type=&#8220;2_3&#8243; _builder_version=&#8220;4.27.4&#8243; _module_preset=&#8220;default&#8220; global_colors_info=&#8220;{}&#8220;][et_pb_text _builder_version=&#8220;4.27.4&#8243; _module_preset=&#8220;default&#8220; global_colors_info=&#8220;{}&#8220;]<\/p>\n<p>European Pancreatic Club<br \/>International Association of Pancreatology<br \/>Deutscher Pankreasclub<br \/>International Academy of Pathology, Deutsche Division<br \/>Deutsche Gesellschaft f\u00fcr Pathologie<br \/>American Association of Cancer Research<br \/>Bundesverband Deutscher Pathologen<br \/>Vorstand des Neuroendokrinen Tumor Registers<\/p>\n<p>[\/et_pb_text][\/et_pb_column][\/et_pb_row][et_pb_row column_structure=&#8220;1_3,2_3&#8243; _builder_version=&#8220;4.27.4&#8243; _module_preset=&#8220;default&#8220; width=&#8220;90%&#8220; custom_margin=&#8220;||||false|false&#8220; custom_padding=&#8220;||0px||false|false&#8220; locked=&#8220;off&#8220; global_colors_info=&#8220;{}&#8220;][et_pb_column type=&#8220;1_3&#8243; _builder_version=&#8220;4.27.4&#8243; _module_preset=&#8220;default&#8220; global_colors_info=&#8220;{}&#8220;][et_pb_text _builder_version=&#8220;4.27.4&#8243; _module_preset=&#8220;default&#8220; global_colors_info=&#8220;{}&#8220;]<\/p>\n<h4><strong>QUALIFIKATIONEN<\/strong><\/h4>\n<p>[\/et_pb_text][\/et_pb_column][et_pb_column type=&#8220;2_3&#8243; _builder_version=&#8220;4.27.4&#8243; _module_preset=&#8220;default&#8220; global_colors_info=&#8220;{}&#8220;][et_pb_text _builder_version=&#8220;4.27.4&#8243; _module_preset=&#8220;default&#8220; global_colors_info=&#8220;{}&#8220;]<\/p>\n<p>1994 Facharzt f\u00fcr Pathologie und Zytopathologie, Ungarn<br \/>2001 Facharzt f\u00fcr Pathologie, Deutschland<br \/>2007 Fakultative Weiterbildung\/Zusatzbezeichnung: Molekularpathologie<\/p>\n<p>[\/et_pb_text][\/et_pb_column][\/et_pb_row][\/et_pb_section][et_pb_section fb_built=&#8220;1&#8243; module_id=&#8220;fortbildungstaetigekeiten&#8220; _builder_version=&#8220;4.27.4&#8243; _module_preset=&#8220;default&#8220; locked=&#8220;off&#8220; global_colors_info=&#8220;{}&#8220;][et_pb_row _builder_version=&#8220;4.27.4&#8243; _module_preset=&#8220;default&#8220; width=&#8220;90%&#8220; custom_margin=&#8220;||||false|false&#8220; custom_padding=&#8220;||0px||false|false&#8220; global_colors_info=&#8220;{}&#8220;][et_pb_column type=&#8220;4_4&#8243; _builder_version=&#8220;4.27.4&#8243; _module_preset=&#8220;default&#8220; global_colors_info=&#8220;{}&#8220;][et_pb_text _builder_version=&#8220;4.27.4&#8243; _module_preset=&#8220;default&#8220; header_3_font_size=&#8220;26px&#8220; global_colors_info=&#8220;{}&#8220;]<\/p>\n<h3 id=\"dipi-toc-fortbildungsttigkeiten-auswahl2\"><strong>Fortbildungst\u00e4tigkeiten (Auswahl)<\/strong><\/h3>\n<p>[\/et_pb_text][\/et_pb_column][\/et_pb_row][et_pb_row column_structure=&#8220;1_3,2_3&#8243; _builder_version=&#8220;4.27.4&#8243; _module_preset=&#8220;default&#8220; width=&#8220;90%&#8220; custom_margin=&#8220;||||false|false&#8220; custom_padding=&#8220;||0px||false|false&#8220; global_colors_info=&#8220;{}&#8220;][et_pb_column type=&#8220;1_3&#8243; _builder_version=&#8220;4.27.4&#8243; _module_preset=&#8220;default&#8220; global_colors_info=&#8220;{}&#8220;][et_pb_text _builder_version=&#8220;4.27.4&#8243; _module_preset=&#8220;default&#8220; global_colors_info=&#8220;{}&#8220;]<\/p>\n<h4><strong>SEIT 2009<\/strong><\/h4>\n<p>[\/et_pb_text][\/et_pb_column][et_pb_column type=&#8220;2_3&#8243; _builder_version=&#8220;4.27.4&#8243; _module_preset=&#8220;default&#8220; global_colors_info=&#8220;{}&#8220;][et_pb_text _builder_version=&#8220;4.27.4&#8243; _module_preset=&#8220;default&#8220; global_colors_info=&#8220;{}&#8220;]<\/p>\n<p>Dozent \u201eDGVS Seminar Zertifikat Gastrointestinale Onkologie\u201c f\u00fcr Pankreas- und Lebertumoren<\/p>\n<p>[\/et_pb_text][\/et_pb_column][\/et_pb_row][et_pb_row column_structure=&#8220;1_3,2_3&#8243; _builder_version=&#8220;4.27.4&#8243; _module_preset=&#8220;default&#8220; width=&#8220;90%&#8220; custom_margin=&#8220;||||false|false&#8220; custom_padding=&#8220;||0px||false|false&#8220; global_colors_info=&#8220;{}&#8220;][et_pb_column type=&#8220;1_3&#8243; _builder_version=&#8220;4.27.4&#8243; _module_preset=&#8220;default&#8220; global_colors_info=&#8220;{}&#8220;][et_pb_text _builder_version=&#8220;4.27.4&#8243; _module_preset=&#8220;default&#8220; global_colors_info=&#8220;{}&#8220;]<\/p>\n<h4><strong>2012 &#8211; 2016<\/strong><\/h4>\n<p>[\/et_pb_text][\/et_pb_column][et_pb_column type=&#8220;2_3&#8243; _builder_version=&#8220;4.27.4&#8243; _module_preset=&#8220;default&#8220; global_colors_info=&#8220;{}&#8220;][et_pb_text _builder_version=&#8220;4.27.4&#8243; _module_preset=&#8220;default&#8220; global_colors_info=&#8220;{}&#8220;]<\/p>\n<p>Halbtagsseminar \u201eZystische Pankreastumoren\u201c an der Symposion der Deutschen Division der International Academy of Pathology<\/p>\n<p>[\/et_pb_text][\/et_pb_column][\/et_pb_row][et_pb_row column_structure=&#8220;1_3,2_3&#8243; _builder_version=&#8220;4.27.4&#8243; _module_preset=&#8220;default&#8220; width=&#8220;90%&#8220; custom_margin=&#8220;||||false|false&#8220; custom_padding=&#8220;||0px||false|false&#8220; locked=&#8220;off&#8220; global_colors_info=&#8220;{}&#8220;][et_pb_column type=&#8220;1_3&#8243; _builder_version=&#8220;4.27.4&#8243; _module_preset=&#8220;default&#8220; global_colors_info=&#8220;{}&#8220;][et_pb_text _builder_version=&#8220;4.27.4&#8243; _module_preset=&#8220;default&#8220; global_colors_info=&#8220;{}&#8220;]<\/p>\n<h4><strong>2017<\/strong><\/h4>\n<p>[\/et_pb_text][\/et_pb_column][et_pb_column type=&#8220;2_3&#8243; _builder_version=&#8220;4.27.4&#8243; _module_preset=&#8220;default&#8220; global_colors_info=&#8220;{}&#8220;][et_pb_text _builder_version=&#8220;4.27.4&#8243; _module_preset=&#8220;default&#8220; global_colors_info=&#8220;{}&#8220;]<\/p>\n<p>Neuroendocrine Tumors of the Gastrointestinal Tract \u2013 European School of Pathology, Varna<\/p>\n<p>[\/et_pb_text][\/et_pb_column][\/et_pb_row][\/et_pb_section][et_pb_section fb_built=&#8220;1&#8243; module_id=&#8220;publikationen&#8220; _builder_version=&#8220;4.27.4&#8243; _module_preset=&#8220;default&#8220; locked=&#8220;off&#8220; collapsed=&#8220;on&#8220; global_colors_info=&#8220;{}&#8220;][et_pb_row _builder_version=&#8220;4.27.4&#8243; _module_preset=&#8220;default&#8220; width=&#8220;90%&#8220; custom_margin=&#8220;||||false|false&#8220; custom_padding=&#8220;||0px||false|false&#8220; global_colors_info=&#8220;{}&#8220;][et_pb_column type=&#8220;4_4&#8243; _builder_version=&#8220;4.27.4&#8243; _module_preset=&#8220;default&#8220; global_colors_info=&#8220;{}&#8220;][et_pb_text _builder_version=&#8220;4.27.4&#8243; _module_preset=&#8220;default&#8220; global_colors_info=&#8220;{}&#8220;]<\/p>\n<h2>Publikationen<\/h2>\n<p>[\/et_pb_text][\/et_pb_column][\/et_pb_row][et_pb_row column_structure=&#8220;1_3,2_3&#8243; _builder_version=&#8220;4.27.4&#8243; _module_preset=&#8220;default&#8220; width=&#8220;90%&#8220; custom_margin=&#8220;||||false|false&#8220; custom_padding=&#8220;||0px||false|false&#8220; global_colors_info=&#8220;{}&#8220;][et_pb_column type=&#8220;1_3&#8243; _builder_version=&#8220;4.27.4&#8243; _module_preset=&#8220;default&#8220; global_colors_info=&#8220;{}&#8220;][\/et_pb_column][et_pb_column type=&#8220;2_3&#8243; _builder_version=&#8220;4.27.4&#8243; _module_preset=&#8220;default&#8220; global_colors_info=&#8220;{}&#8220;][et_pb_text _builder_version=&#8220;4.27.4&#8243; _module_preset=&#8220;default&#8220; global_colors_info=&#8220;{}&#8220;]<\/p>\n<p>Originalarbeiten: 145 (Impact Factor &gt;920)<br \/>\u00dcbersichten: 19<br \/>Buchbeitr\u00e4ge: 12<\/p>\n<p>[\/et_pb_text][\/et_pb_column][\/et_pb_row][\/et_pb_section][et_pb_section fb_built=&#8220;1&#8243; module_id=&#8220;bucheintraege&#8220; _builder_version=&#8220;4.27.4&#8243; _module_preset=&#8220;default&#8220; locked=&#8220;off&#8220; collapsed=&#8220;on&#8220; global_colors_info=&#8220;{}&#8220;][et_pb_row _builder_version=&#8220;4.27.4&#8243; _module_preset=&#8220;default&#8220; width=&#8220;90%&#8220; custom_margin=&#8220;||||false|false&#8220; custom_padding=&#8220;||0px||false|false&#8220; global_colors_info=&#8220;{}&#8220;][et_pb_column type=&#8220;4_4&#8243; _builder_version=&#8220;4.27.4&#8243; _module_preset=&#8220;default&#8220; global_colors_info=&#8220;{}&#8220;][et_pb_text _builder_version=&#8220;4.27.4&#8243; _module_preset=&#8220;default&#8220; header_3_font_size=&#8220;26px&#8220; global_colors_info=&#8220;{}&#8220;]<\/p>\n<h3><strong>Bucheintr\u00e4ge (aktuelle Auswahl)<\/strong><\/h3>\n<p>[\/et_pb_text][\/et_pb_column][\/et_pb_row][et_pb_row column_structure=&#8220;1_3,2_3&#8243; _builder_version=&#8220;4.27.4&#8243; _module_preset=&#8220;default&#8220; width=&#8220;90%&#8220; custom_margin=&#8220;||||false|false&#8220; custom_padding=&#8220;||0px||false|false&#8220; global_colors_info=&#8220;{}&#8220;][et_pb_column type=&#8220;1_3&#8243; _builder_version=&#8220;4.27.4&#8243; _module_preset=&#8220;default&#8220; global_colors_info=&#8220;{}&#8220;][\/et_pb_column][et_pb_column type=&#8220;2_3&#8243; _builder_version=&#8220;4.27.4&#8243; _module_preset=&#8220;default&#8220; global_colors_info=&#8220;{}&#8220;][et_pb_text _builder_version=&#8220;4.27.4&#8243; _module_preset=&#8220;default&#8220; global_colors_info=&#8220;{}&#8220;]<\/p>\n<p>WHO Classification Genetic Tumour Syndromes 2023<br \/>WHO Classification Endocrine and Neuroendocrine Tumors 2023<br \/>Diagnostic Histopathology of Tumors Ed. CDM Fletcher, 5th Edition 2019<br \/>WHO Classification of Tumours of the Digestive System, 4th Edition 2019<br \/>WHO Classification of Endocrine Organs, 4th Edition 2017<br \/>WHO Classification Endocrine Tumors 2017<br \/>Zystische Neoplasien des Pankreas: Histologische Klassifikation zystischer Pankreastumoren in DGIM Innere Medizin herausgegeben von Hendrik Lehnert 2015<\/p>\n<p>[\/et_pb_text][\/et_pb_column][\/et_pb_row][\/et_pb_section][et_pb_section fb_built=&#8220;1&#8243; module_id=&#8220;veroeffentlichungen&#8220; _builder_version=&#8220;4.27.4&#8243; _module_preset=&#8220;default&#8220; locked=&#8220;off&#8220; collapsed=&#8220;on&#8220; global_colors_info=&#8220;{}&#8220;][et_pb_row _builder_version=&#8220;4.27.4&#8243; _module_preset=&#8220;default&#8220; width=&#8220;90%&#8220; custom_margin=&#8220;||||false|false&#8220; custom_padding=&#8220;||0px||false|false&#8220; global_colors_info=&#8220;{}&#8220;][et_pb_column type=&#8220;4_4&#8243; _builder_version=&#8220;4.27.4&#8243; _module_preset=&#8220;default&#8220; global_colors_info=&#8220;{}&#8220;][et_pb_text _builder_version=&#8220;4.27.4&#8243; _module_preset=&#8220;default&#8220; header_3_font_size=&#8220;26px&#8220; global_colors_info=&#8220;{}&#8220;]<\/p>\n<h3><strong>Ver\u00f6ffentlichungen (aktuelle Auswahl)<\/strong><\/h3>\n<p>[\/et_pb_text][\/et_pb_column][\/et_pb_row][et_pb_row column_structure=&#8220;1_3,2_3&#8243; _builder_version=&#8220;4.27.4&#8243; _module_preset=&#8220;default&#8220; width=&#8220;90%&#8220; custom_margin=&#8220;||||false|false&#8220; custom_padding=&#8220;||0px||false|false&#8220; global_colors_info=&#8220;{}&#8220;][et_pb_column type=&#8220;1_3&#8243; _builder_version=&#8220;4.27.4&#8243; _module_preset=&#8220;default&#8220; global_colors_info=&#8220;{}&#8220;][\/et_pb_column][et_pb_column type=&#8220;2_3&#8243; _builder_version=&#8220;4.27.4&#8243; _module_preset=&#8220;default&#8220; global_colors_info=&#8220;{}&#8220;][et_pb_text _builder_version=&#8220;4.27.4&#8243; _module_preset=&#8220;default&#8220; global_colors_info=&#8220;{}&#8220;]<\/p>\n<p><strong>Clinical characteristics and treatment patterns of patients with gastroenteropancreatic neuroendocrine neoplasia in Germany receiving peptide receptor radionuclide therapy: A real-world data registry-based study. Medicine (Baltimore).<br \/><\/strong>von Hessert-Vaudoncourt C, Maasberg S, Begum N, Rinke A, P\u00f6ppel T, <strong>Sipos B<\/strong>, Grohe C, Fottner C, Stintzing S, Grabowski P<br \/>German NET Registry. 2025 Mar 14;104(11):e41853. doi: 10.1097\/MD.0000000000041853. PMID: 40101049; PMCID: PMC11922424.<\/p>\n<p><strong>A real-world observation of patients with glioblastoma treated with a personalized peptide vaccine<br \/><\/strong>Latzer P, Zelba H, Battke F, Reinhardt A, Shao B, Bartsch O, Rabsteyn A, Harter J, Schulze M, Okech T, Golf A, Kyzirakos-Feger C, Kayser S, Pieper N, Feldhahn M, W\u00fcnsche J, Seitz C, Hadaschik D, Garbe C, Hauser TK, la Foug\u00e8re C, Biskup D, Brooke D, Parker D, Martens UM, Illerhaus G, Blumenthal DT, Merrell R, Lorenzo LS, Hidv\u00e9gi M, de Robles P, Kebir S, Li WW, Li VW, Williams M, Miller AM, Kesari S, Castro M, Desjardins A, Ashley DM, Friedman HS, Wen PY, Neil EC, Iwamoto FM, <strong>Sipos B<\/strong>, Geletneky K, Zender L, Glas M, Reardon DA, Biskup S.<br \/>Nat Commun. 2024 Aug 11;15(1):6870<\/p>\n<p><strong>First-in-class MKK4 inhibitors enhance liver regeneration and prevent liver failure <\/strong>Zwirner S, Abu Rmilah AA, Klotz S, Pfaffenroth B, Kloevekorn P, Moschopoulou AA, Schuette S, Haag M, Selig R, Li K, Zhou W, Nelson E, Poso A, Chen H, Amiot B, Jia Y, Minshew A, Michalak G, Cui W, Rist E, Longerich T, Jung B, Felgendreff P, Trompak O, Premsrirut PK, Gries K, Muerdter TE, Heinkele G, Wuestefeld T, Shapiro D, Weissbach M, Koenigsrainer A, <strong>Sipos B<\/strong>, Ab E, Zacarias MO, Theisgen S, Gruenheit N, Biskup S, Schwab M, Albrecht W, Laufer S, Nyberg S, Zender L.<br \/>Cell. 2024 Mar 28;187(7):1666-1684.e26.<\/p>\n<p><strong>Radiosensitizing Favors Response to Peptide Receptor Radionuclide Therapy in Patients With Highly Proliferative Neuroendocrine Malignancies: Preliminary Evidence From a Clinical Pilot Study<br \/><\/strong>Trautwein NF, Hinterleitner C, Kiefer LS, Singer S, Mattern S, Schwenck J, Reischl G, <strong>Sipos B<\/strong>, Lauer UM, Dittmann H, Zender L, la Foug\u00e8re C, Hinterleitner M.<br \/>Clin Nucl Med. 2024 Mar 1;49(3):207-214<\/p>\n<p><strong>Treatment modalities favoring outcome in well-differentiated neuroendocrine tumors G3.<br \/><\/strong>Hinterleitner M, Pfeiffer R, Trautwein NF, <strong>Sipos B<\/strong>, Singer S, Nadalin S, K\u00f6nigsrainer A, Lauer UM, la Foug\u00e8re C, Zender L, Hinterleitner C.<br \/>Front Endocrinol (Lausanne). 2024 Jan 8;14:1285529.<\/p>\n<p><strong>Multiple neuroendokrine Tumoren des Pankreas [Multiple neuroendocrine tumors of the pancreas].<br \/>Sipos B<\/strong>.<br \/>Pathologie (Heidelb). 2024 Feb;45(1):28-34. German.<\/p>\n<p><strong>Network-targeting combination therapy of leptomeningeal glioblastoma using multiple synthetic lethal strategies: a case report.<br \/><\/strong>Castro MP, <strong>Sipos B<\/strong>, Biskup S, Kahn N.<br \/>Front Oncol. 2023 Oct 31;13:1210224.<\/p>\n<p><strong>Glucagon cell hyperplasia and neoplasia: a recently recognized endocrine receptor disease.<br \/>Sipos B<\/strong>, Kl\u00f6ppel G<br \/>Endocr Relat Cancer. 2023 Jul 18;30(8):e230032.<\/p>\n<p><strong>MYC determines lineage commitment in KRAS-driven primary liver cancer development.<br \/><\/strong>D&#8217;Artista L, Moschopoulou AA, Barozzi I, Craig AJ, Seehawer M, Herrmann L, Minnich M, Kang TW, Rist E, Henning M, Klotz S, Heinzmann F, Harbig J, <strong>Sipos B<\/strong>, Longerich T, Eilers M, Dauch D, Zuber J, Wang XW, Zender L. J Hepatol.<br \/>2023 Jul;79(1):141-149..<\/p>\n<p><strong>Novel preclinical gastroenteropancreatic neuroendocrine neoplasia models demonstrate the feasibility of mutation-based targeted therapy.<\/strong><br \/>Viol F, <strong>Sipos<\/strong> <strong>B<\/strong>, Fahl M, Clauditz TS, Amin T, Kriegs M, Nieser M,<br \/>Izbicki JR, Huber S, Lohse AW, Schrader J.<br \/>Cell Oncol (Dordr). 2022 Dec;45(6):1401-1419.<br \/>Analysis on the healing of gastrointestinal ulceration by using Hemospray<br \/>Werner CR, Br\u00fccklmeier L, Kratt T, Malek NP, Sipos B,<br \/>Wichmann D, G\u00f6tz M.<br \/>Sci Rep. 2021 Sep 24;11(1):19050.<\/p>\n<p><strong>FGF-Receptors and PD-L1 in Anaplastic and Poorly Differentiated Thyroid Cancer: Evaluation of the Preclinical Rationale.<\/strong><br \/>Adam P, Kircher S, Sbiera I, Koehler VF, Berg E, Kn\u00f6sel T, Sandner B, Fenske WK, Bl\u00e4ker H, Smaxwil C, Zielke A, <strong>Sipos B<\/strong>, Allelein S, Schott M,<br \/>Dierks C, Spitzweg C, Fassnacht M, Kroiss M.<br \/>Front Endocrinol (Lausanne). 2021 Aug 12;12:712107.<\/p>\n<p><strong>Combined effects of PNPLA3, TM6SF2 and HSD17B13 variants on severity of biopsy-proven non-alcoholic fatty liver disease.<\/strong><br \/>Paternostro R, Staufer K, Traussnigg S, St\u00e4ttermayer AF, Halilbasic E, Keritam O, Meyer EL, Stift J, Wrba F, <strong>Sipos B<\/strong>, Canbay A, Schlattjan M,<br \/>Aigner E, Datz C, Stickel F, Schafmayer C, Hampe J, Buch S, Prager G,<br \/>Munda P, Mandorfer M, Ferenci P, Trauner M.<br \/>Hepatol Int. 2021 Aug;15(4):922-933. doi: 10.1007\/s12072-021-10200-y. Epub 2021 Jun 2.<\/p>\n<p><strong>CUX1 Enhances Pancreatic Cancer Formation by Synergizing with KRAS and Inducing MEK\/ERK-Dependent Proliferation<\/strong><br \/>Griesmann H, M\u00fchl S, Riedel J, Theuerkorn K, <strong>Sipos B<\/strong>, Esposito I, Vanden, Heuvel GB, Michl P.<br \/>Cancers (Basel). 2021, May 18;13(10):2462.<\/p>\n<p><strong>Platelet-Expressed Synaptophysin (pSyn) as Novel Biomarker in Neuroendocrine Malignancies. Cancers (Basel).<\/strong><br \/>Hinterleitner M, <strong>Sipos B<\/strong>, Wagner V, Grottenthaler JM, Lauer UM,<br \/>Zender L, Hinterleitner C.<br \/>2021 May 11;13(10):2286.<\/p>\n<p><strong>Modeling plasticity and dysplasia of pancreatic ductal organoids derived from human pluripotent stem cells.<\/strong><br \/>Wiedenmann S, Cohrs CM, Perkhofer L, Jain G, Kr\u00fcger J, Hermann PC, Schmid M,Mad\u00e1csy T, Varga \u00c1, Griger J, Azoitei N, M\u00fcller M, Wessely O, Robey PG, Heller,S, Dantes Z, Reichert M, G\u00fcnes C, Bolenz C, Kuhn F, Mal\u00e9th J, Speier S, Liebau, S, <strong>Sipos B<\/strong>, Kuster B, Seufferlein T, Rad R, Meier M, Hohwieler M, Kleger A.<br \/>Cell Stem Cell. 2021 Jun 3;28(6):1105-1124.e19.<\/p>\n<p><strong>Exploiting the MUC5AC Antigen for Noninvasive Identification of Pancreatic Cancer.<\/strong><br \/>Henry KE, Shaffer TM, Mack KN, Ring J, Ogirala A, Klein-Scory S,<br \/>Eilert-Micus C, Schmiegel W, Bracht T, Sitek B, Clyne M, Reid CJ, <strong>Sipos B<\/strong>,<br \/>Lewis JS, Kalthoff H, Grimm J.<br \/>J Nucl Med. 2021 Oct;62(10):1384-1390.<\/p>\n<p><strong>Unraveling the Molecular Tumor-Promoting Regulation of Cofilin-1 in Pancreatic Cancer.<\/strong><br \/>Werle SD, Schwab JD, Tatura M, Kirchhoff S, Szekely R, Diels R,<br \/>Ikonomi N, <strong>Sipos B<\/strong>, Sperveslage J, Gress TM, Buchholz M, Kestler HA.<br \/>Cancers (Basel). 2021 Feb 10;13(4):725<\/p>\n<p><strong>An IgG-based bispecific antibody for improved dual targeting in PSMA-positive cancer.<\/strong><br \/>Zekri L, Vogt F, Osburg L, M\u00fcller S, Kauer J, Manz T, Pfl\u00fcgler M, Maurer A, Heitmann JS, Hagelstein I, M\u00e4rklin M, H\u00f6rner S, Todenh\u00f6fer T,<br \/>Calaminus C, Stenzl A, Pichler B, la Foug\u00e8re C, Schneider MA, Rammensee HG, Zender L,<br \/><strong>Sipos B<\/strong>, Salih HR, Jung G.<br \/>EMBO Mol Med. 2021 Feb 5;13(2):e11902.<\/p>\n<p><strong>Immunoprofiling in Neuroendocrine Neoplasms Unveil Immunosuppressive Microenvironment.<\/strong><br \/>Busse A, Mochmann LH, Spenke C, Arsenic R, Briest F, J\u00f6hrens K,<br \/>Lammert H, <strong>Sipos B<\/strong>, K\u00fchl AA, Wirtz R, Pavel M, Hummel M,<br \/>Kaemmerer D, Baum RP, Grabowski P.<br \/>Cancers (Basel). 2020 Nov 19;12(11):3448.<\/p>\n<p><strong>Elevated Serum Amino Acids Induce a Subpopulation of Alpha Cells to Initiate Pancreatic Neuroendocrine Tumor Formation.<\/strong><br \/>Smith DK, Kates L, Durinck S, Patel N, Stawiski EW, Kljavin N, Foreman O, <strong>Sipos B<\/strong>, Solloway MJ, Allan BB, Peterson AS.<br \/>Cell Rep Med. 2020 Aug 25;1(5):100058.<\/p>\n<p><strong>Targeting interleukin 6 signaling by monoclonal antibody siltuximab on cholangiocarcinoma.<\/strong><br \/>J Nguyen MLT, Bui KC, Scholta T, Xing J, Bhuria V, <strong>Sipos B<\/strong>, Wilkens L,<br \/>Nguyen Linh T, Velavan TP, Bozko P, Plentz RR.<br \/>Gastroenterol Hepatol. 2021 May;36(5):1334-1345.<\/p>\n<p><strong>Necroptosis microenvironment directs lineage commitment in liver cancer.<\/strong><br \/>Seehawer M, Heinzmann F, D\u2019Artista L, Harbig J, Roux PF, Hoenicke L, Dang H, Klotz S, Robinson L, Dor\u00e9 G, Rozenblum N, Kang TW, Chawla R, Buch T, Vucur M, Roth M, Zuber J, Luedde T, <strong>Sipos B<\/strong>, Longerich T, Heikenw\u00e4lder M, Wang XW, Bischof O, Zender L.<br \/>Nature. 2018 Oct;562(7725):69-75.<\/p>\n<p><strong>S2k-Leitlinie Neuroendokrine Tumore AWMF-Reg. 021-27<\/strong><br \/>Deutsche Gesellschaft f\u00fcr Gastroenterologie, Verdauungs- und Stoffwechselkrankheiten (DGVS); Netzwerk Neuroendokrine Tumoren (NeT) e.V. (Patientenvertretung); Bundesorganisation Selbsthilfe NeuroEndokrine Tumoren e.V. (NET-sgh) (Patientenvertretung); Deutsche Gesellschaft f\u00fcr H\u00e4matologie und Medizinische Onkologie e.V. (DGHO), und Arbeitsgemeinschaft Internistische Onkologie (AIO) der Deutschen Krebsgesellschaft e.V; Deutsche Gesellschaft f\u00fcr Allgemein- und Viszeralchirurgie e.V. (DGAV); Deutsche Gesellschaft f\u00fcr Chirurgie (DGCH); Deutsche Gesellschaft f\u00fcr Endoskopie und Bildgebende Verfahren (DGEBV); Deutsche Gesellschaft f\u00fcr Nuklearmedizin e.V. (DGNM); Deutsche Gesellschaft f\u00fcr Innere Medizin (DGIM); Deutsche Gesellschaft f\u00fcr Endokrinologie (DGE); Deutsche Gesellschaft f\u00fcr Palliativmedizin e.V. (DGP); Deutsche R\u00f6ntgengesellschaft e.V. (DRG); Deutsche Gesellschaft f\u00fcr Pathologie e.V.\/Bundesverband Deutscher Pathologen (DGP\/BDP); Deutsche Gesellschaft f\u00fcr interventionelle Radiologie (DGiR); Authors; Collaborators:.<br \/>Z Gastroenterol. 2018 Jun;56(6):583-681. Epub 2018 Jun 11. German.<\/p>\n<p><strong>Therapeutic Targeting of Tumor-Associated Macrophages in Pancreatic Neuroendocrine Tumors.<\/strong><br \/>Krug S, Abbassi R, Griesmann H, <strong>Sipos B<\/strong>, Wiese D, Rexin P, Blank A, Perren A, Haybaeck J, H\u00fcttelmaier S, Rinke A, Gress TM, Michl P.<br \/>Int J Cancer. 2018 Apr 26. [Epub ahead of print]<\/p>\n<p><strong>Pancreatic neuroendocrine carcinomas reveal a closer relationship to ductal adenocarcinomas than to neuroendocrine tumors G3.<\/strong><br \/>Konukiewitz B, Jesinghaus M, Steiger K, Schlitter AM, Kasajima A,<br \/><strong>Sipos B<\/strong>, Zamboni G, Weichert W, Pfarr N, Kl\u00f6ppel G.<br \/>Hum Pathol. 2018 Jul;77:70-79.. Epub 2018 Mar 26.<\/p>\n<p><strong>[Neuroendocrine neoplasms of the auditory, olfactory, and visual sensory organs].<\/strong><br \/><strong>Sipos B<\/strong>.<br \/>Pathologe. 2018 May;39(3):255-263.. Review. German.<\/p>\n<p><strong>MAFA missense mutation causes familial insulinomatosis and diabetes mellitus.<\/strong><br \/>Iacovazzo D, Flanagan SE, Walker E, Quezado R, de Sousa Barros FA, Caswell R, Johnson MB, Wakeling M, Br\u00e4ndle M, Guo M, Dang MN, Gabrovska P, Niederle B, Christ E, Jenni S, <strong>Sipos B<\/strong>, Nieser M, Frilling A, Dhatariya K, Chanson P, de Herder WW, Konukiewitz B, Kl\u00f6ppel G, Stein R, Korbonits M, Ellard S.<br \/>Proc Natl Acad Sci U S A. 2018 Jan 30;115(5):1027-1032.<\/p>\n<p><strong>Somatostatin receptor expression related to TP53 and RB1 alterations in pancreatic and extrapancreatic neuroendocrine neoplasms with a Ki67-index above 20.<\/strong><br \/>Konukiewitz B, Schlitter AM, Jesinghaus M, Pfister D, Steiger K, Segler A, Agaimy A, <strong>Sipos B<\/strong>, Zamboni G, Weichert W, Esposito I, Pfarr N, Kl\u00f6ppel G.<br \/>Mod Pathol. 2017 Apr;30(4):587-598.<\/p>\n<p><strong>ATM Deficiency Generating Genomic Instability Sensitizes Pancreatic Ductal Adenocarcinoma Cells to Therapy-Induced DNA Damage.<\/strong><br \/>Perkhofer L, Schmitt A, Romero Carrasco MC, Ihle M, Hampp S, Ruess DA, Hessmann E, Russell R, Lechel A, Azoitei N, Lin Q, Liebau S, Hohwieler M, Bohnenberger H, Lesina M, Alg\u00fcl H, Gieldon L, Schr\u00f6ck E, Gaedcke J, Wagner M, Wiesm\u00fcller L, <strong>Sipos B<\/strong>, Seufferlein T, Reinhardt HC, Frappart PO, Kleger A.<br \/>Cancer Res. 2017 Oct 15;77(20):5576-5590.<\/p>\n<p><strong>Defects in myosin VB are associated with a spectrum of previously undiagnosed low \u03b3-glutamyltransferase cholestasis.<\/strong><br \/>Qiu YL, Gong JY, Feng JY, Wang RX, Han J, Liu T, Lu Y, Li LT, Zhang MH, Sheps JA, Wang NL, Yan YY, Li JQ, Chen L, Borchers CH, <strong>Sipos B<\/strong>, Knisely AS, Ling V, Xing QH, Wang JS.<br \/>Hepatology. 2017 May;65(5):1655-1669.<\/p>\n<p><strong>Expression of DRD2 Is Increased in Human Pancreatic Ductal Adenocarcinoma and Inhibitors Slow Tumor Growth in Mice.<\/strong><br \/>Jandaghi P, Najafabadi HS, Bauer AS, Papadakis AI, Fassan M, Hall A, Monast A, von Knebel Doeberitz M, Neoptolemos JP, Costello E, Greenhalf W, Scarpa A, <strong>Sipos B<\/strong>, Auld D, Lathrop M, Park M, B\u00fcchler MW, Strobel O, Hackert T, Giese NA, Zogopoulos G, Sangwan V, Huang S, Riazalhosseini Y, Hoheisel JD.<br \/>Gastroenterology. 2016 Dec;151(6):1218-1231.<\/p>\n<p><strong>RelA regulates CXCL1\/CXCR2-dependent oncogene-induced senescence in murine Kras-driven pancreatic carcinogenesis.<\/strong><br \/>Lesina M, W\u00f6rmann SM, Morton J, Diakopoulos KN, Korneeva O, Wimmer M, Einw\u00e4chter H, Sperveslage J, Demir IE, Kehl T, Saur D, <strong>Sipos B<\/strong>, Heikenw\u00e4lder M, Steiner JM, Wang TC, Sansom OJ, Schmid RM, Alg\u00fcl H.<br \/>J Clin Invest. 2016 Aug 1;126(8):2919-32.<\/p>\n<p><strong>Loss of Chromosome 18 in Neuroendocrine Tumors of the Small Intestine: The Enigma Remains.<\/strong><br \/>Nieser M, Henopp T, Brix J, Sto\u00df L, Sitek B, Naboulsi W, Anlauf M, Schlitter AM, Kl\u00f6ppel G, Gress T, Moll R, Bartsch DK, Heverhagen AE, Knoefel WT, Kaemmerer D, Haybaeck J, Fend F, Sperveslage J, <strong>Sipos B<\/strong>.<br \/>Neuroendocrinology. 2017;104(3):302-312.<\/p>\n<p><strong>The role of integrins in primary and secondary brain tumors.<\/strong><br \/>Schittenhelm J, Tabatabai G, <strong>Sipos B<\/strong>.<br \/>Histol Histopathol. 2016 Oct;31(10):1069-78. Review.<\/p>\n<p><strong>Pharmacological macrophage inhibition decreases metastasis formation in a genetic model of pancreatic cancer.<\/strong><br \/>Griesmann H, Drexel C, Milosevic N, <strong>Sipos B<\/strong>, Rosendahl J, Gress TM, Michl P.<br \/>Gut. 2017 Jul;66(7):1278-1285.<\/p>\n<p><strong>Combined inhibition of BET family proteins and histone deacetylases as a potential epigenetics-based therapy for pancreatic ductal adenocarcinoma.<\/strong><br \/>Mazur PK, Herner A, Mello SS, Wirth M, Hausmann S, S\u00e1nchez-Rivera FJ, Lofgren SM, Kuschma T, Hahn SA, Vangala D, Trajkovic-Arsic M, Gupta A, Heid I, No\u00ebl PB, Braren R, Erkan M, Kleeff J, <strong>Sipos B<\/strong>, Sayles LC, Heikenwalder M, He\u00dfmann E, Ellenrieder V, Esposito I, Jacks T, Bradner JE, Khatri P, Sweet-Cordero EA, Attardi LD, Schmid RM, Schneider G, Sage J, Siveke JT. Nat Med. 2015 Oct;21(10):1163-71.<\/p>\n<p><strong>Glucagon cell hyperplasia and neoplasia with and without glucagon receptor mutations.<\/strong><br \/><strong>Sipos B<\/strong>, Sperveslage J, Anlauf M, Hoffmeister M, Henopp T, Buch S, Hampe J, Weber A, Hammel P, Couvelard A, H\u00f6bling W, Lieb W, Boehm BO, Kl\u00f6ppel G.<br \/>J Clin Endocrinol Metab. 2015 May;100(5):E783-8.<\/p>\n<p>[\/et_pb_text][\/et_pb_column][\/et_pb_row][\/et_pb_section][et_pb_section fb_built=&#8220;1&#8243; module_id=&#8220;gutachtertaetigkeit&#8220; _builder_version=&#8220;4.27.4&#8243; _module_preset=&#8220;default&#8220; locked=&#8220;off&#8220; global_colors_info=&#8220;{}&#8220;][et_pb_row _builder_version=&#8220;4.27.4&#8243; _module_preset=&#8220;default&#8220; width=&#8220;90%&#8220; custom_margin=&#8220;||||false|false&#8220; custom_padding=&#8220;||0px||false|false&#8220; global_colors_info=&#8220;{}&#8220;][et_pb_column type=&#8220;4_4&#8243; _builder_version=&#8220;4.27.4&#8243; _module_preset=&#8220;default&#8220; global_colors_info=&#8220;{}&#8220;][et_pb_text _builder_version=&#8220;4.27.4&#8243; _module_preset=&#8220;default&#8220; header_3_font_size=&#8220;26px&#8220; global_colors_info=&#8220;{}&#8220;]<\/p>\n<h3><strong>Gutachtert\u00e4tigkeit (aktuelle Auswahl)<\/strong><\/h3>\n<p>[\/et_pb_text][\/et_pb_column][\/et_pb_row][et_pb_row column_structure=&#8220;1_3,2_3&#8243; _builder_version=&#8220;4.27.4&#8243; _module_preset=&#8220;default&#8220; width=&#8220;90%&#8220; custom_margin=&#8220;||||false|false&#8220; custom_padding=&#8220;||0px||false|false&#8220; global_colors_info=&#8220;{}&#8220;][et_pb_column type=&#8220;1_3&#8243; _builder_version=&#8220;4.27.4&#8243; _module_preset=&#8220;default&#8220; global_colors_info=&#8220;{}&#8220;][\/et_pb_column][et_pb_column type=&#8220;2_3&#8243; _builder_version=&#8220;4.27.4&#8243; _module_preset=&#8220;default&#8220; global_colors_info=&#8220;{}&#8220;][et_pb_text _builder_version=&#8220;4.27.4&#8243; _module_preset=&#8220;default&#8220; global_colors_info=&#8220;{}&#8220;]<\/p>\n<p>Cancer UK, Deutsche Forschungsgemeinschaft, Deutsche Krebshilfe, Berner Krebsliga<\/p>\n<p>Virchows Archiv, Pancreas, Arthritis Research and Therapy, European Journal of Gastroenterology &amp; Hepatology<\/p>\n<p>Der Pathologe, BMC Cancer, Endocrine Related Cancer, Cancer Research, Expert Review Mol Diag, Histopathology<\/p>\n<p>International Journal of Cancer, International Journal of Legal Medicine, PLOS ONE, Molecular Cancer<\/p>\n<p>Journal of Cancer, Research and Clinical Oncology, Neoplasia<\/p>\n<p>[\/et_pb_text][\/et_pb_column][\/et_pb_row][\/et_pb_section][et_pb_section fb_built=&#8220;1&#8243; module_id=&#8220;kommission-molekularpathologie-bdp&#8220; _builder_version=&#8220;4.27.4&#8243; _module_preset=&#8220;default&#8220; locked=&#8220;off&#8220; global_colors_info=&#8220;{}&#8220;][et_pb_row _builder_version=&#8220;4.27.4&#8243; _module_preset=&#8220;default&#8220; width=&#8220;90%&#8220; custom_margin=&#8220;||||false|false&#8220; custom_padding=&#8220;||0px||false|false&#8220; global_colors_info=&#8220;{}&#8220;][et_pb_column type=&#8220;4_4&#8243; _builder_version=&#8220;4.27.4&#8243; _module_preset=&#8220;default&#8220; global_colors_info=&#8220;{}&#8220;][et_pb_text module_id=&#8220;kommission-molekularpathologie-bdp&#8220; _builder_version=&#8220;4.27.4&#8243; _module_preset=&#8220;default&#8220; global_colors_info=&#8220;{}&#8220;]<\/p>\n<h2>Kommission Molekularpathologie, BDP<\/h2>\n<p>[\/et_pb_text][\/et_pb_column][\/et_pb_row][et_pb_row column_structure=&#8220;1_3,2_3&#8243; _builder_version=&#8220;4.27.4&#8243; _module_preset=&#8220;default&#8220; width=&#8220;90%&#8220; custom_margin=&#8220;||||false|false&#8220; custom_padding=&#8220;||0px||false|false&#8220; global_colors_info=&#8220;{}&#8220;][et_pb_column type=&#8220;1_3&#8243; _builder_version=&#8220;4.27.4&#8243; _module_preset=&#8220;default&#8220; global_colors_info=&#8220;{}&#8220;][\/et_pb_column][et_pb_column type=&#8220;2_3&#8243; _builder_version=&#8220;4.27.4&#8243; _module_preset=&#8220;default&#8220; global_colors_info=&#8220;{}&#8220;][et_pb_text _builder_version=&#8220;4.27.4&#8243; _module_preset=&#8220;default&#8220; global_colors_info=&#8220;{}&#8220;]<\/p>\n<p>Prof. Dr. Sipos ist Gr\u00fcnder und seit 2025 Ko-Vorsitzender der <a href=\"https:\/\/www.pathologie.de\/ueber-uns\/gremien\/molekularpathologie\" target=\"_blank\" rel=\"noopener\"><strong>Kommission Molekularpathologie am BDP<\/strong><\/a><\/p>\n<p>[\/et_pb_text][\/et_pb_column][\/et_pb_row][\/et_pb_section][et_pb_section fb_built=&#8220;1&#8243; module_id=&#8220;referenzpathologie&#8220; _builder_version=&#8220;4.27.4&#8243; _module_preset=&#8220;default&#8220; locked=&#8220;off&#8220; global_colors_info=&#8220;{}&#8220;][et_pb_row _builder_version=&#8220;4.27.4&#8243; _module_preset=&#8220;default&#8220; width=&#8220;90%&#8220; custom_margin=&#8220;||||false|false&#8220; custom_padding=&#8220;||0px||false|false&#8220; global_colors_info=&#8220;{}&#8220;][et_pb_column type=&#8220;4_4&#8243; _builder_version=&#8220;4.27.4&#8243; _module_preset=&#8220;default&#8220; global_colors_info=&#8220;{}&#8220;][et_pb_text _builder_version=&#8220;4.27.4&#8243; _module_preset=&#8220;default&#8220; global_colors_info=&#8220;{}&#8220;]<\/p>\n<h2>Referenzpathologie<\/h2>\n<p>[\/et_pb_text][\/et_pb_column][\/et_pb_row][et_pb_row column_structure=&#8220;1_3,2_3&#8243; _builder_version=&#8220;4.27.4&#8243; _module_preset=&#8220;default&#8220; width=&#8220;90%&#8220; custom_margin=&#8220;||||false|false&#8220; custom_padding=&#8220;||0px||false|false&#8220; global_colors_info=&#8220;{}&#8220;][et_pb_column type=&#8220;1_3&#8243; _builder_version=&#8220;4.27.4&#8243; _module_preset=&#8220;default&#8220; global_colors_info=&#8220;{}&#8220;][\/et_pb_column][et_pb_column type=&#8220;2_3&#8243; _builder_version=&#8220;4.27.4&#8243; _module_preset=&#8220;default&#8220; global_colors_info=&#8220;{}&#8220;][et_pb_text _builder_version=&#8220;4.27.4&#8243; _module_preset=&#8220;default&#8220; global_colors_info=&#8220;{}&#8220;]<\/p>\n<p><a href=\"https:\/\/www.medizin.uni-tuebingen.de\/de\/das-klinikum\/einrichtungen\/kliniken\/medizinische-klinik\/innere-medizin-viii\/enets-excellenz\" target=\"_blank\" rel=\"noopener\">Referenzpathologische Begutachtung von pankreatischen und neuroendokrinen Neoplasien seit 2020 (auch ENETS Center of Excellence, Universit\u00e4tsklinikum T\u00fcbingen).<\/a><\/p>\n<p>[\/et_pb_text][\/et_pb_column][\/et_pb_row][et_pb_row _builder_version=&#8220;4.27.4&#8243; _module_preset=&#8220;default&#8220; width=&#8220;90%&#8220; custom_margin=&#8220;40px||||false|false&#8220; locked=&#8220;off&#8220; global_colors_info=&#8220;{}&#8220;][et_pb_column type=&#8220;4_4&#8243; _builder_version=&#8220;4.27.4&#8243; _module_preset=&#8220;default&#8220; global_colors_info=&#8220;{}&#8220;][et_pb_button button_url=&#8220;@ET-DC@eyJkeW5hbWljIjp0cnVlLCJjb250ZW50IjoicG9zdF9saW5rX3VybF9wYWdlIiwic2V0dGluZ3MiOnsicG9zdF9pZCI6IjIyOTYxNSJ9fQ==@&#8220; button_text=&#8220;zur\u00fcck zum \u00c4rzte-Team&#8220; _builder_version=&#8220;4.27.4&#8243; _dynamic_attributes=&#8220;button_url&#8220; _module_preset=&#8220;default&#8220; custom_button=&#8220;on&#8220; button_text_color=&#8220;#0092BB&#8220; button_font=&#8220;|700|||||||&#8220; button_icon=&#8220;&#xf053;||fa||900&#8243; button_icon_color=&#8220;#0092BB&#8220; button_icon_placement=&#8220;left&#8220; animation_style=&#8220;slide&#8220; animation_direction=&#8220;bottom&#8220; global_colors_info=&#8220;{}&#8220; button_bg_color__hover_enabled=&#8220;on|hover&#8220; button_bg_color__hover=&#8220;#FFFFFF&#8220; button_bg_enable_color__hover=&#8220;on&#8220;][\/et_pb_button][\/et_pb_column][\/et_pb_row][\/et_pb_section]<\/p>\n","protected":false},"excerpt":{"rendered":"<p>Prof. dr. med. Bence Sipos Gesellschafter Qualipath Facharzt f\u00fcr Pathologie Molekularpathologie Fachbezogene Humangenetische Beratung<div class=\"et_pb_with_border et_pb_module dipi_table_of_content dipi_table_of_content_0\">\n\t\t\t\t\n\t\t\t\t\n\t\t\t\t\n\t\t\t\t\n\t\t\t\t\n\t\t\t\t\n\t\t\t\t<div class=\"et_pb_module_inner\">\n\t\t\t\t\t\n                <div class=\"dipi-toc open\" data-dipi-toc=eyJoZWFkaW5nVGFncyI6Im9mZnxvbnxvZmZ8b2ZmfG9mZnxvZmYiLCJnZW5lcmF0ZUZvcldob2xlUGFnZSI6Im9uIiwiZXhjbHVkZV9zZWxlY3RvciI6IiIsImNvbnRhaW5lcl9leGNsdWRlX3NlbGVjdG9yIjoiIiwic2VjdGlvblNlbGVjdG9yIjoiIiwic2hvd19saXN0X251bWJlcnMiOiJvZmYiLCJzaG93X3plcm9fcHJlZml4Ijoib24iLCJzY3JvbGxfb2Zmc2V0IjoiMjAwfDIwMHwyMDAiLCJvcmRlcl9jbGFzcyI6ImRpcGlfdGFibGVfb2ZfY29udGVudF8wIiwiY29sbGFwc2libGUiOiJvZmYiLCJpY29uIjoiJiN4ZjA1NDsifQ==>\n                    <div class=\"dipi-toc__title\">\n                <h2>\n                    \n                    <span class=\"dipi-toc_header-content\">Table Of Content<\/span>\n                <\/h2>\n            <\/div>\n                    <div class=\"dipi-toc__collapse\">\n                        <div class=\"dipi-toc__list\"><\/div>\n                    <\/div>\n                <\/div>\n\t\t\t\t<\/div>\n\t\t\t<\/div>VitaSTUDIUM1984-1990 Semmelweis Universit\u00e4t. Budapest, Ungarn (Humanmedizin)FACHARZT1994 Facharzt f\u00fcr Pathologie und Zytopathologie, Ungarn 2001 Facharzt f\u00fcr Pathologie, [&hellip;]<\/p>\n","protected":false},"author":1,"featured_media":0,"parent":229615,"menu_order":0,"comment_status":"closed","ping_status":"closed","template":"","meta":{"_et_pb_use_builder":"on","_et_pb_old_content":"","_et_gb_content_width":"","footnotes":""},"dipi_cpt_category":[],"class_list":["post-229608","page","type-page","status-publish","hentry"],"_links":{"self":[{"href":"https:\/\/www.qualipath.de\/nuertingen\/wp-json\/wp\/v2\/pages\/229608","targetHints":{"allow":["GET"]}}],"collection":[{"href":"https:\/\/www.qualipath.de\/nuertingen\/wp-json\/wp\/v2\/pages"}],"about":[{"href":"https:\/\/www.qualipath.de\/nuertingen\/wp-json\/wp\/v2\/types\/page"}],"author":[{"embeddable":true,"href":"https:\/\/www.qualipath.de\/nuertingen\/wp-json\/wp\/v2\/users\/1"}],"replies":[{"embeddable":true,"href":"https:\/\/www.qualipath.de\/nuertingen\/wp-json\/wp\/v2\/comments?post=229608"}],"version-history":[{"count":18,"href":"https:\/\/www.qualipath.de\/nuertingen\/wp-json\/wp\/v2\/pages\/229608\/revisions"}],"predecessor-version":[{"id":230411,"href":"https:\/\/www.qualipath.de\/nuertingen\/wp-json\/wp\/v2\/pages\/229608\/revisions\/230411"}],"up":[{"embeddable":true,"href":"https:\/\/www.qualipath.de\/nuertingen\/wp-json\/wp\/v2\/pages\/229615"}],"wp:attachment":[{"href":"https:\/\/www.qualipath.de\/nuertingen\/wp-json\/wp\/v2\/media?parent=229608"}],"wp:term":[{"taxonomy":"dipi_cpt_category","embeddable":true,"href":"https:\/\/www.qualipath.de\/nuertingen\/wp-json\/wp\/v2\/dipi_cpt_category?post=229608"}],"curies":[{"name":"wp","href":"https:\/\/api.w.org\/{rel}","templated":true}]}}