{"id":229445,"date":"2025-02-13T14:08:38","date_gmt":"2025-02-13T13:08:38","guid":{"rendered":"https:\/\/www.qualipath.de\/stuttgart\/?page_id=229445"},"modified":"2025-06-12T09:42:38","modified_gmt":"2025-06-12T07:42:38","slug":"historie","status":"publish","type":"page","link":"https:\/\/www.qualipath.de\/stuttgart\/ueber-uns\/historie\/","title":{"rendered":"Historie"},"content":{"rendered":"<p>[et_pb_section fb_built=&#8220;1&#8243; admin_label=&#8220;Slider&#8220; _builder_version=&#8220;4.27.4&#8243; _module_preset=&#8220;default&#8220; width=&#8220;100vw&#8220; max_width=&#8220;100vw&#8220; custom_padding=&#8220;0px||0px||false|false&#8220; locked=&#8220;off&#8220; global_colors_info=&#8220;{}&#8220;][et_pb_row _builder_version=&#8220;4.27.4&#8243; _module_preset=&#8220;default&#8220; width=&#8220;90%&#8220; width_tablet=&#8220;100%&#8220; width_phone=&#8220;100%&#8220; width_last_edited=&#8220;on|phone&#8220; custom_margin=&#8220;0px||0px||false|false&#8220; custom_padding=&#8220;0px||0px||false|false&#8220; global_colors_info=&#8220;{}&#8220;][et_pb_column type=&#8220;4_4&#8243; _builder_version=&#8220;4.27.4&#8243; _module_preset=&#8220;default&#8220; global_colors_info=&#8220;{}&#8220;][et_pb_text admin_label=&#8220;Slider-Headline&#8220; _builder_version=&#8220;4.27.4&#8243; _module_preset=&#8220;default&#8220; text_text_color=&#8220;#1D1D1B&#8220; text_font_size=&#8220;28px&#8220; text_line_height=&#8220;1.2em&#8220; header_4_font=&#8220;|600|||||||&#8220; header_4_text_color=&#8220;#1D1D1B&#8220; header_4_font_size=&#8220;30px&#8220; header_4_line_height=&#8220;1.2em&#8220; background_color=&#8220;RGBA(255,255,255,0)&#8220; use_background_color_gradient=&#8220;on&#8220; background_color_gradient_direction=&#8220;91deg&#8220; background_color_gradient_stops=&#8220;#ffffff 0%|rgba(0,196,163,0) 98%&#8220; positioning=&#8220;absolute&#8220; position_origin_a=&#8220;bottom_left&#8220; z_index=&#8220;500&#8243; width=&#8220;50%&#8220; custom_padding=&#8220;2%|5%|1%|5%|false|true&#8220; animation_style=&#8220;slide&#8220; animation_direction=&#8220;bottom&#8220; animation_intensity_slide=&#8220;5%&#8220; global_colors_info=&#8220;{}&#8220;]<\/p>\n<h1><strong>Unsere Historie<\/strong><\/h1>\n<h1><\/h1>\n<p>[\/et_pb_text][et_pb_slider show_arrows=&#8220;off&#8220; show_pagination=&#8220;off&#8220; admin_label=&#8220;Slider-Bild&#8220; _builder_version=&#8220;4.27.4&#8243; _module_preset=&#8220;default&#8220; background_enable_image=&#8220;off&#8220; custom_margin=&#8220;||0px||false|false&#8220; auto=&#8220;on&#8220; custom_css_slide_title=&#8220;animation-name:fadeTop;&#8220; custom_css_slide_image=&#8220;animation-name:fadeTop;&#8220; global_colors_info=&#8220;{}&#8220;][et_pb_slide _builder_version=&#8220;4.27.4&#8243; _module_preset=&#8220;default&#8220; background_enable_color=&#8220;off&#8220; background_image=&#8220;https:\/\/www.qualipath.de\/stuttgart\/wp-content\/uploads\/sites\/2\/2025\/02\/qualipath-historie.jpg&#8220; background_enable_image=&#8220;on&#8220; global_colors_info=&#8220;{}&#8220; sticky_transition=&#8220;on&#8220;][\/et_pb_slide][\/et_pb_slider][\/et_pb_column][\/et_pb_row][\/et_pb_section][et_pb_section fb_built=&#8220;1&#8243; admin_label=&#8220;Inhalt&#8220; _builder_version=&#8220;4.27.4&#8243; _module_preset=&#8220;default&#8220; custom_margin=&#8220;0px||0px||false|false&#8220; custom_padding=&#8220;0px||50px||false|false&#8220; animation_style=&#8220;fade&#8220; collapsed=&#8220;on&#8220; global_colors_info=&#8220;{}&#8220;][et_pb_row _builder_version=&#8220;4.27.4&#8243; _module_preset=&#8220;default&#8220; width=&#8220;90%&#8220; global_colors_info=&#8220;{}&#8220;][et_pb_column type=&#8220;4_4&#8243; _builder_version=&#8220;4.27.4&#8243; _module_preset=&#8220;default&#8220; global_colors_info=&#8220;{}&#8220;][et_pb_text _builder_version=&#8220;4.27.4&#8243; _module_preset=&#8220;default&#8220; custom_margin=&#8220;||10px||false|false&#8220; global_colors_info=&#8220;{}&#8220;]<\/p>\n<h2>Kontinuierliche histopathologische Diagnostik in Stuttgart seit \u00fcber 70 Jahren<\/h2>\n<p>[\/et_pb_text][dipi_timeline timeline_line_width=&#8220;3px&#8220; timeline_active_line_width=&#8220;3px&#8220; timeline_active_line_style=&#8220;dotted&#8220; timeline_active_line_color=&#8220;#0092BB&#8220; card_arrow_color=&#8220;#f2f3f3&#8243; _builder_version=&#8220;4.27.4&#8243; _module_preset=&#8220;default&#8220; custom_margin=&#8220;||||false|false&#8220; custom_padding=&#8220;40px||||false|false&#8220; global_colors_info=&#8220;{}&#8220;][dipi_timeline_item admin_label=&#8220;50er Jahre&#8220; title=&#8220;In den 50er Jahren&#8220; timeline_icon=&#8220;&#xf063;||fa||900&#8243; timeline_icon_color=&#8220;#0092BB&#8220; ribbon_circle_color=&#8220;#FFFFFF&#8220; ribbon_use_circle_border=&#8220;on&#8220; ribbon_circle_border_color=&#8220;#0092BB&#8220; timeline_icon_padding=&#8220;15px|15px|15px|15px|false|false&#8220; ribbon_text_bgcolor=&#8220;RGBA(255,255,255,0)&#8220; custom_card_arrow=&#8220;on&#8220; card_arrow_color=&#8220;#FFFFFF&#8220; card_padding=&#8220;0px|0px|0px|0px|false|false&#8220; _builder_version=&#8220;4.27.4&#8243; _module_preset=&#8220;default&#8220; header_font=&#8220;||||||||&#8220; header_text_align=&#8220;right&#8220; body_text_align=&#8220;right&#8220; background_color=&#8220;#FFFFFF&#8220; background_enable_color=&#8220;on&#8220; global_colors_info=&#8220;{}&#8220;]<\/p>\n<p>Gr\u00fcndung der Praxis f\u00fcr Pathologie durch Herrn Dr. Schultz-Brauns in den R\u00e4umen des Karl-Olga-Krankenhaus<\/p>\n<p>[\/dipi_timeline_item][dipi_timeline_item admin_label=&#8220;1964&#8243; title=&#8220;1964&#8243; timeline_icon=&#8220;&#xf063;||fa||900&#8243; timeline_icon_color=&#8220;#0092BB&#8220; ribbon_circle_color=&#8220;#FFFFFF&#8220; ribbon_use_circle_border=&#8220;on&#8220; ribbon_circle_border_color=&#8220;#0092BB&#8220; custom_card_arrow=&#8220;on&#8220; card_arrow_color=&#8220;#FFFFFF&#8220; card_padding=&#8220;0px|0px|0px|0px|false|false&#8220; _builder_version=&#8220;4.27.4&#8243; _module_preset=&#8220;default&#8220; background_color=&#8220;#FFFFFF&#8220; background_enable_color=&#8220;on&#8220; global_colors_info=&#8220;{}&#8220;]<\/p>\n<p>\u00dcbernahme der Praxis durch Herrn Dr. Hans Wilhelm Wolter<\/p>\n<p>[\/dipi_timeline_item][dipi_timeline_item admin_label=&#8220;80er Jahre&#8220; title=&#8220;Ende der 80er Jahre&#8220; timeline_icon=&#8220;&#xf063;||fa||900&#8243; timeline_icon_color=&#8220;#0092BB&#8220; ribbon_circle_color=&#8220;#FFFFFF&#8220; ribbon_use_circle_border=&#8220;on&#8220; ribbon_circle_border_color=&#8220;#0092BB&#8220; custom_card_arrow=&#8220;on&#8220; card_arrow_color=&#8220;#FFFFFF&#8220; card_padding=&#8220;0px|0px|0px|0px|false|false&#8220; _builder_version=&#8220;4.27.4&#8243; _module_preset=&#8220;default&#8220; header_font=&#8220;||||||||&#8220; header_text_align=&#8220;right&#8220; body_text_align=&#8220;right&#8220; background_color=&#8220;#FFFFFF&#8220; background_enable_color=&#8220;on&#8220; global_colors_info=&#8220;{}&#8220;]<\/p>\n<p>\u00dcbernahme der Praxis durch Frau Dr. Gaedcke<\/p>\n<p>[\/dipi_timeline_item][dipi_timeline_item admin_label=&#8220;1990&#8243; title=&#8220;1990&#8243; timeline_icon=&#8220;&#xf063;||fa||900&#8243; timeline_icon_color=&#8220;#0092BB&#8220; ribbon_circle_color=&#8220;#FFFFFF&#8220; ribbon_use_circle_border=&#8220;on&#8220; ribbon_circle_border_color=&#8220;#0092BB&#8220; custom_card_arrow=&#8220;on&#8220; card_arrow_color=&#8220;#FFFFFF&#8220; card_padding=&#8220;0px|0px|0px|0px|false|false&#8220; _builder_version=&#8220;4.27.4&#8243; _module_preset=&#8220;default&#8220; background_color=&#8220;#FFFFFF&#8220; background_enable_color=&#8220;on&#8220; global_colors_info=&#8220;{}&#8220;]<\/p>\n<p>Herr Dr. (CS) Jiri Outrata schloss sich im Jahre 1990 der Praxis an<\/p>\n<p>[\/dipi_timeline_item][dipi_timeline_item admin_label=&#8220;2006&#8243; title=&#8220;2006&#8243; timeline_icon=&#8220;&#xf063;||fa||900&#8243; timeline_icon_color=&#8220;#0092BB&#8220; ribbon_circle_color=&#8220;#FFFFFF&#8220; ribbon_use_circle_border=&#8220;on&#8220; ribbon_circle_border_color=&#8220;#0092BB&#8220; custom_card_arrow=&#8220;on&#8220; card_arrow_color=&#8220;#FFFFFF&#8220; card_padding=&#8220;0px|0px|0px|0px|false|false&#8220; _builder_version=&#8220;4.27.4&#8243; _module_preset=&#8220;default&#8220; header_font=&#8220;||||||||&#8220; header_text_align=&#8220;right&#8220; body_text_align=&#8220;right&#8220; background_color=&#8220;#FFFFFF&#8220; background_enable_color=&#8220;on&#8220; global_colors_info=&#8220;{}&#8220;]<\/p>\n<p>Frau Gaedcke schied\u00a02006\u00a0aus und Herr Dr. (CS) Outrata f\u00fchrte die Praxis bis zum\u00a0Jahr 2014\u00a0weiter<\/p>\n<p>[\/dipi_timeline_item][dipi_timeline_item admin_label=&#8220;2014&#8243; title=&#8220;2014&#8243; timeline_icon=&#8220;&#xf063;||fa||900&#8243; timeline_icon_color=&#8220;#0092BB&#8220; ribbon_circle_color=&#8220;#FFFFFF&#8220; ribbon_use_circle_border=&#8220;on&#8220; ribbon_circle_border_color=&#8220;#0092BB&#8220; custom_card_arrow=&#8220;on&#8220; card_arrow_color=&#8220;#FFFFFF&#8220; card_padding=&#8220;0px|0px|0px|0px|false|false&#8220; _builder_version=&#8220;4.27.4&#8243; _module_preset=&#8220;default&#8220; background_color=&#8220;#FFFFFF&#8220; background_enable_color=&#8220;on&#8220; global_colors_info=&#8220;{}&#8220;]<\/p>\n<p>Im Jahr\u00a02014\u00a0erfolgte der Einstieg von Herr PD Dr. med. Christoph Weiler als Partner<\/p>\n<p>[\/dipi_timeline_item][dipi_timeline_item admin_label=&#8220;2016&#8243; title=&#8220;2016&#8243; timeline_icon=&#8220;&#xf063;||fa||900&#8243; timeline_icon_color=&#8220;#0092BB&#8220; ribbon_circle_color=&#8220;#FFFFFF&#8220; ribbon_use_circle_border=&#8220;on&#8220; ribbon_circle_border_color=&#8220;#0092BB&#8220; custom_card_arrow=&#8220;on&#8220; card_arrow_color=&#8220;#FFFFFF&#8220; card_padding=&#8220;0px|0px|0px|0px|false|false&#8220; _builder_version=&#8220;4.27.4&#8243; _module_preset=&#8220;default&#8220; header_font=&#8220;||||||||&#8220; header_text_align=&#8220;right&#8220; body_text_align=&#8220;right&#8220; background_color=&#8220;#FFFFFF&#8220; background_enable_color=&#8220;on&#8220; global_colors_info=&#8220;{}&#8220;]<\/p>\n<p>Die Praxis zog in\u00a02016\u00a0aus den R\u00e4umlichkeiten des Karl-Olga-Krankenhauses in moderne und speziell auf die Bed\u00fcrfnisse der Pathologie ausgestattete Gesch\u00e4ftsr\u00e4ume im \u00c4rztehaus am Diakonieklinikum um<\/p>\n<p>[\/dipi_timeline_item][dipi_timeline_item admin_label=&#8220;2017&#8243; title=&#8220;2017&#8243; timeline_icon=&#8220;&#xf063;||fa||900&#8243; timeline_icon_color=&#8220;#0092BB&#8220; ribbon_circle_color=&#8220;#FFFFFF&#8220; ribbon_use_circle_border=&#8220;on&#8220; ribbon_circle_border_color=&#8220;#0092BB&#8220; custom_card_arrow=&#8220;on&#8220; card_arrow_color=&#8220;#FFFFFF&#8220; card_padding=&#8220;0px|0px|0px|0px|false|false&#8220; _builder_version=&#8220;4.27.4&#8243; _module_preset=&#8220;default&#8220; background_color=&#8220;#FFFFFF&#8220; background_enable_color=&#8220;on&#8220; global_colors_info=&#8220;{}&#8220;]<\/p>\n<p>Herr Dr. (CS) Outrata ging zum\u00a031.\u00a0Dezember 2017\u00a0in den Ruhestand<\/p>\n<p>[\/dipi_timeline_item][dipi_timeline_item admin_label=&#8220;2018&#8243; title=&#8220;2018&#8243; timeline_icon=&#8220;&#xf063;||fa||900&#8243; timeline_icon_color=&#8220;#0092BB&#8220; ribbon_circle_color=&#8220;#FFFFFF&#8220; ribbon_use_circle_border=&#8220;on&#8220; ribbon_circle_border_color=&#8220;#0092BB&#8220; custom_card_arrow=&#8220;on&#8220; card_arrow_color=&#8220;#FFFFFF&#8220; card_padding=&#8220;0px|0px|0px|0px|false|false&#8220; _builder_version=&#8220;4.27.4&#8243; _module_preset=&#8220;default&#8220; header_font=&#8220;||||||||&#8220; header_text_align=&#8220;right&#8220; body_text_align=&#8220;right&#8220; background_color=&#8220;#FFFFFF&#8220; background_enable_color=&#8220;on&#8220; global_colors_info=&#8220;{}&#8220;]<\/p>\n<p>Die BAG f\u00fcr Pathologie und Molekularpathologie wird seit\u00a001. Januar 2018\u00a0von Herrn Prof. dr. med. Bence Sipos und Herrn PD Dr. med. Christoph Weiler \u00fcbernommen<\/p>\n<p>[\/dipi_timeline_item][dipi_timeline_item admin_label=&#8220;2020&#8243; title=&#8220;2020&#8243; timeline_icon=&#8220;&#xf063;||fa||900&#8243; timeline_icon_color=&#8220;#0092BB&#8220; ribbon_circle_color=&#8220;#FFFFFF&#8220; ribbon_use_circle_border=&#8220;on&#8220; ribbon_circle_border_color=&#8220;#0092BB&#8220; custom_card_arrow=&#8220;on&#8220; card_arrow_color=&#8220;#FFFFFF&#8220; card_padding=&#8220;0px|0px|0px|0px|false|false&#8220; _builder_version=&#8220;4.27.4&#8243; _module_preset=&#8220;default&#8220; background_color=&#8220;#FFFFFF&#8220; background_enable_color=&#8220;on&#8220; global_colors_info=&#8220;{}&#8220;]<\/p>\n<p>Am 01.08.2020 schied Herr PD Dr. Christoph Weiler als Gesellschafter aus, um sich einer neuen beruflichen Herausforderung in M\u00fcnchen zu stellen.<\/p>\n<p>Die BAG wurde von diesem Zeitpunkt und bis heute von Herrn Prof. dr. med. Bence Sipos und Dr. Zeid Bittar weitergef\u00fchrt.<\/p>\n<p>[\/dipi_timeline_item][dipi_timeline_item admin_label=&#8220;2024&#8243; title=&#8220;2024&#8243; timeline_icon=&#8220;&#xf063;||fa||900&#8243; timeline_icon_color=&#8220;#0092BB&#8220; ribbon_circle_color=&#8220;#FFFFFF&#8220; ribbon_use_circle_border=&#8220;on&#8220; ribbon_circle_border_color=&#8220;#0092BB&#8220; custom_card_arrow=&#8220;on&#8220; card_arrow_color=&#8220;#FFFFFF&#8220; card_padding=&#8220;0px|0px|0px|0px|false|false&#8220; _builder_version=&#8220;4.27.4&#8243; _module_preset=&#8220;default&#8220; header_font=&#8220;||||||||&#8220; header_text_align=&#8220;right&#8220; body_text_align=&#8220;right&#8220; background_color=&#8220;#FFFFFF&#8220; background_enable_color=&#8220;on&#8220; global_colors_info=&#8220;{}&#8220;]<\/p>\n<p>Im Jahr 2024 entstand Qualipath durch den Zusammenschluss der pathologischen Praxen in Stuttgart und N\u00fcrtingen, die weiterhin Pathologen als Gesellschaftern (GbR) gef\u00fchrt wird.<\/p>\n<p>[\/dipi_timeline_item][\/dipi_timeline][\/et_pb_column][\/et_pb_row][\/et_pb_section]<\/p>\n","protected":false},"excerpt":{"rendered":"<p>Unsere Historie Kontinuierliche histopathologische Diagnostik in Stuttgart seit \u00fcber 70 Jahren<div class=\"et_pb_module dipi_timeline dipi_timeline_0\">\n\t\t\t\t\n\t\t\t\t\n\t\t\t\t\n\t\t\t\t\n\t\t\t\t\n\t\t\t\t\n\t\t\t\t<div class=\"et_pb_module_inner\">\n\t\t\t\t\t<div class=\"dipi_timeline_custom_classes dipi_timeline_layout_mixed dipi_timeline_layout_right_tablet dipi_timeline_layout_right_phone startpos-left dipi_timeline_show-card-arrow\">\n        <div class=\"dipi_timeline_container\">\n          <div class=\"dipi-timeline-items\"><\/div>\n          <div class=\"dipi-timeline-line\"><\/div><div class=\"dipi-timeline-line__active\"><\/div>\n        <\/div>\n      <\/div>\n      \n\t\t\t\t<\/div>\n\t\t\t<\/div><div class=\"et_pb_module dipi_timeline_item dipi_timeline_item_0\">\n\t\t\t\t\n\t\t\t\t\n\t\t\t\t\n\t\t\t\t\n\t\t\t\t\n\t\t\t\t\n\t\t\t\t<div class=\"et_pb_module_inner\">\n\t\t\t\t\t<div class=\"dipi_timeline_item_custom_classes dipi_timeline_item_position_top et_pb_bg_layout_ dipi_timeline_item_custom-card-arrow \" data-config=\"{&quot;anim_name&quot;:&quot;fadeIn&quot;,&quot;anim_start_viewport&quot;:&quot;75%&quot;} \">\n        <div class=\"dipi_timeline_item_container\">\n          <div class=\"dipi_timeline_ribbon\"><\/div>\n          <div class=\"et_pb_image_wrap ribbon-icon-wrap\"><span class=\"et_pb_icon_wrap\"><span class=\"ribbon-icon ribbon-icon-circle ribbon-icon-circle-border\">\uf063<\/span><\/span><\/div>\n          <div class=\"dipi_timeline_item_card-wrap  need_animation \">\n            <div class=\"dipi_timeline_item_card\">\n              \n              <div class=\"dipi_timeline_item_content\">\n                <div class=\"dipi_timeline_ribbon\"><\/div>\n                <div class=\"dipi_timeline_item_content_text\">\n                  <h4 class=\"dipi_timeline_item_header\"><span>In den 50er Jahren<\/span><\/h4>\n                  \n                <\/div>\n                \n              <\/div> <!-- .dipi_timeline_item_content -->\n            <\/div> <!-- .dipi_timeline_item_card -->\n          <\/div>\n        <\/div>\n      <\/div>\n\t\t\n\t\t\t\t<\/div>\n\t\t\t<\/div>Gr\u00fcndung der Praxis f\u00fcr Pathologie durch Herrn Dr. Schultz-Brauns in den [&hellip;]<\/p>\n","protected":false},"author":1,"featured_media":0,"parent":229441,"menu_order":0,"comment_status":"closed","ping_status":"closed","template":"","meta":{"_et_pb_use_builder":"on","_et_pb_old_content":"","_et_gb_content_width":"","footnotes":""},"dipi_cpt_category":[],"class_list":["post-229445","page","type-page","status-publish","hentry"],"_links":{"self":[{"href":"https:\/\/www.qualipath.de\/stuttgart\/wp-json\/wp\/v2\/pages\/229445","targetHints":{"allow":["GET"]}}],"collection":[{"href":"https:\/\/www.qualipath.de\/stuttgart\/wp-json\/wp\/v2\/pages"}],"about":[{"href":"https:\/\/www.qualipath.de\/stuttgart\/wp-json\/wp\/v2\/types\/page"}],"author":[{"embeddable":true,"href":"https:\/\/www.qualipath.de\/stuttgart\/wp-json\/wp\/v2\/users\/1"}],"replies":[{"embeddable":true,"href":"https:\/\/www.qualipath.de\/stuttgart\/wp-json\/wp\/v2\/comments?post=229445"}],"version-history":[{"count":8,"href":"https:\/\/www.qualipath.de\/stuttgart\/wp-json\/wp\/v2\/pages\/229445\/revisions"}],"predecessor-version":[{"id":230488,"href":"https:\/\/www.qualipath.de\/stuttgart\/wp-json\/wp\/v2\/pages\/229445\/revisions\/230488"}],"up":[{"embeddable":true,"href":"https:\/\/www.qualipath.de\/stuttgart\/wp-json\/wp\/v2\/pages\/229441"}],"wp:attachment":[{"href":"https:\/\/www.qualipath.de\/stuttgart\/wp-json\/wp\/v2\/media?parent=229445"}],"wp:term":[{"taxonomy":"dipi_cpt_category","embeddable":true,"href":"https:\/\/www.qualipath.de\/stuttgart\/wp-json\/wp\/v2\/dipi_cpt_category?post=229445"}],"curies":[{"name":"wp","href":"https:\/\/api.w.org\/{rel}","templated":true}]}}