{"id":230022,"date":"2025-02-25T07:02:43","date_gmt":"2025-02-25T06:02:43","guid":{"rendered":"https:\/\/www.qualipath.de\/stuttgart\/?page_id=230022"},"modified":"2025-06-12T09:31:39","modified_gmt":"2025-06-12T07:31:39","slug":"dr-med-ebru-serinsoez-linke","status":"publish","type":"page","link":"https:\/\/www.qualipath.de\/stuttgart\/team\/aerzte-team\/dr-med-ebru-serinsoez-linke\/","title":{"rendered":"Dr. med. Ebru Serins\u00f6z Linke"},"content":{"rendered":"<p>[et_pb_section fb_built=&#8220;1&#8243; admin_label=&#8220;Slider&#8220; _builder_version=&#8220;4.27.4&#8243; _module_preset=&#8220;default&#8220; width=&#8220;100vw&#8220; max_width=&#8220;100vw&#8220; custom_padding=&#8220;0px||0px||false|false&#8220; locked=&#8220;off&#8220; global_colors_info=&#8220;{}&#8220;][et_pb_row _builder_version=&#8220;4.27.4&#8243; _module_preset=&#8220;default&#8220; width=&#8220;90%&#8220; width_tablet=&#8220;100%&#8220; width_phone=&#8220;100%&#8220; width_last_edited=&#8220;on|phone&#8220; custom_margin=&#8220;0px||0px||false|false&#8220; custom_padding=&#8220;0px||0px||false|false&#8220; global_colors_info=&#8220;{}&#8220;][et_pb_column type=&#8220;4_4&#8243; _builder_version=&#8220;4.27.4&#8243; _module_preset=&#8220;default&#8220; global_colors_info=&#8220;{}&#8220;][et_pb_text admin_label=&#8220;Slider-Headline&#8220; _builder_version=&#8220;4.27.4&#8243; _module_preset=&#8220;default&#8220; text_text_color=&#8220;#1D1D1B&#8220; text_font_size=&#8220;28px&#8220; text_line_height=&#8220;1.2em&#8220; header_4_font=&#8220;|600|||||||&#8220; header_4_text_color=&#8220;#1D1D1B&#8220; header_4_font_size=&#8220;30px&#8220; header_4_line_height=&#8220;1.2em&#8220; background_color=&#8220;RGBA(255,255,255,0)&#8220; use_background_color_gradient=&#8220;on&#8220; background_color_gradient_direction=&#8220;91deg&#8220; background_color_gradient_stops=&#8220;#ffffff 0%|rgba(0,196,163,0) 98%&#8220; positioning=&#8220;absolute&#8220; position_origin_a=&#8220;bottom_left&#8220; z_index=&#8220;500&#8243; width=&#8220;60%&#8220; custom_padding=&#8220;2%|5%|1%|5%|false|true&#8220; animation_style=&#8220;slide&#8220; animation_direction=&#8220;bottom&#8220; animation_intensity_slide=&#8220;5%&#8220; hover_enabled=&#8220;0&#8243; global_colors_info=&#8220;{}&#8220; sticky_enabled=&#8220;0&#8243;]<\/p>\n<h1>Dr. med. Ebru Serins\u00f6z Linke<\/h1>\n<h1><\/h1>\n<p>[\/et_pb_text][et_pb_slider show_arrows=&#8220;off&#8220; show_pagination=&#8220;off&#8220; admin_label=&#8220;Slider-Bild&#8220; _builder_version=&#8220;4.27.4&#8243; _module_preset=&#8220;default&#8220; background_enable_image=&#8220;off&#8220; custom_margin=&#8220;||0px||false|false&#8220; auto=&#8220;on&#8220; custom_css_slide_title=&#8220;animation-name:fadeTop;&#8220; custom_css_slide_image=&#8220;animation-name:fadeTop;&#8220; global_colors_info=&#8220;{}&#8220;][et_pb_slide _builder_version=&#8220;4.27.4&#8243; _module_preset=&#8220;default&#8220; background_enable_color=&#8220;off&#8220; background_image=&#8220;https:\/\/www.qualipath.de\/stuttgart\/wp-content\/uploads\/sites\/2\/2025\/02\/dr-med-linke-header.jpg&#8220; background_enable_image=&#8220;on&#8220; global_colors_info=&#8220;{}&#8220; sticky_transition=&#8220;on&#8220;][\/et_pb_slide][\/et_pb_slider][\/et_pb_column][\/et_pb_row][\/et_pb_section][et_pb_section fb_built=&#8220;1&#8243; module_id=&#8220;vita&#8220; _builder_version=&#8220;4.27.4&#8243; _module_preset=&#8220;default&#8220; global_colors_info=&#8220;{}&#8220;][et_pb_row _builder_version=&#8220;4.27.4&#8243; _module_preset=&#8220;default&#8220; width=&#8220;90%&#8220; global_colors_info=&#8220;{}&#8220;][et_pb_column type=&#8220;4_4&#8243; _builder_version=&#8220;4.27.4&#8243; _module_preset=&#8220;default&#8220; global_colors_info=&#8220;{}&#8220;][et_pb_text _builder_version=&#8220;4.27.4&#8243; _module_preset=&#8220;default&#8220; global_colors_info=&#8220;{}&#8220;]<\/p>\n<h3><strong>Fach\u00e4rztin f\u00fcr Pathologie<\/strong><\/h3>\n<p>[\/et_pb_text][\/et_pb_column][\/et_pb_row][et_pb_row _builder_version=&#8220;4.27.4&#8243; _module_preset=&#8220;default&#8220; width=&#8220;90%&#8220; custom_margin=&#8220;||||false|false&#8220; custom_padding=&#8220;||0px||false|false&#8220; global_colors_info=&#8220;{}&#8220;][et_pb_column type=&#8220;4_4&#8243; _builder_version=&#8220;4.27.4&#8243; _module_preset=&#8220;default&#8220; global_colors_info=&#8220;{}&#8220;][et_pb_text _builder_version=&#8220;4.27.4&#8243; _module_preset=&#8220;default&#8220; global_colors_info=&#8220;{}&#8220;]<\/p>\n<h2>Vita<\/h2>\n<p>[\/et_pb_text][\/et_pb_column][\/et_pb_row][et_pb_row column_structure=&#8220;1_3,2_3&#8243; _builder_version=&#8220;4.27.4&#8243; _module_preset=&#8220;default&#8220; width=&#8220;90%&#8220; custom_margin=&#8220;||||false|false&#8220; custom_padding=&#8220;||0px||false|false&#8220; global_colors_info=&#8220;{}&#8220;][et_pb_column type=&#8220;1_3&#8243; _builder_version=&#8220;4.27.4&#8243; _module_preset=&#8220;default&#8220; global_colors_info=&#8220;{}&#8220;][et_pb_text _builder_version=&#8220;4.27.4&#8243; _module_preset=&#8220;default&#8220; global_colors_info=&#8220;{}&#8220;]<\/p>\n<h4><strong>STUDIUM<\/strong><\/h4>\n<p>[\/et_pb_text][\/et_pb_column][et_pb_column type=&#8220;2_3&#8243; _builder_version=&#8220;4.27.4&#8243; _module_preset=&#8220;default&#8220; global_colors_info=&#8220;{}&#8220;][et_pb_text _builder_version=&#8220;4.27.4&#8243; _module_preset=&#8220;default&#8220; global_colors_info=&#8220;{}&#8220;]<\/p>\n<p>1989-1995 Studium der Humanmedizin an der Universit\u00e4t Ankara, T\u00fcrkei<\/p>\n<p>[\/et_pb_text][\/et_pb_column][\/et_pb_row][et_pb_row column_structure=&#8220;1_3,2_3&#8243; _builder_version=&#8220;4.27.4&#8243; _module_preset=&#8220;default&#8220; width=&#8220;90%&#8220; custom_margin=&#8220;||||false|false&#8220; custom_padding=&#8220;||0px||false|false&#8220; global_colors_info=&#8220;{}&#8220;][et_pb_column type=&#8220;1_3&#8243; _builder_version=&#8220;4.27.4&#8243; _module_preset=&#8220;default&#8220; global_colors_info=&#8220;{}&#8220;][et_pb_text _builder_version=&#8220;4.27.4&#8243; _module_preset=&#8220;default&#8220; global_colors_info=&#8220;{}&#8220;]<\/p>\n<h4><strong>PROMOTION<\/strong><\/h4>\n<p>[\/et_pb_text][\/et_pb_column][et_pb_column type=&#8220;2_3&#8243; _builder_version=&#8220;4.27.4&#8243; _module_preset=&#8220;default&#8220; global_colors_info=&#8220;{}&#8220;][et_pb_text _builder_version=&#8220;4.27.4&#8243; _module_preset=&#8220;default&#8220; global_colors_info=&#8220;{}&#8220;]<\/p>\n<p>1995 Medizinische Fakult\u00e4t der Universit\u00e4t Ankara, T\u00fcrkei<br \/>2017 Erteilung der Approbation durch das Regierungspr\u00e4sidium Stuttgart<\/p>\n<p>[\/et_pb_text][\/et_pb_column][\/et_pb_row][et_pb_row column_structure=&#8220;1_3,2_3&#8243; _builder_version=&#8220;4.27.4&#8243; _module_preset=&#8220;default&#8220; width=&#8220;90%&#8220; custom_margin=&#8220;||||false|false&#8220; custom_padding=&#8220;||0px||false|false&#8220; global_colors_info=&#8220;{}&#8220;][et_pb_column type=&#8220;1_3&#8243; _builder_version=&#8220;4.27.4&#8243; _module_preset=&#8220;default&#8220; global_colors_info=&#8220;{}&#8220;][et_pb_text _builder_version=&#8220;4.27.4&#8243; _module_preset=&#8220;default&#8220; global_colors_info=&#8220;{}&#8220;]<\/p>\n<h4><strong>FACHARZT<\/strong><\/h4>\n<p>[\/et_pb_text][\/et_pb_column][et_pb_column type=&#8220;2_3&#8243; _builder_version=&#8220;4.27.4&#8243; _module_preset=&#8220;default&#8220; global_colors_info=&#8220;{}&#8220;][et_pb_text _builder_version=&#8220;4.27.4&#8243; _module_preset=&#8220;default&#8220; global_colors_info=&#8220;{}&#8220;]<\/p>\n<p>2001 Pathologisches Institut der Universit\u00e4t Ankara, T\u00fcrkei<br \/>2018 Erteilung der Facharztanerkennung durch die Bezirks\u00e4rztekammer Nordw\u00fcrttemberg<\/p>\n<p>[\/et_pb_text][\/et_pb_column][\/et_pb_row][et_pb_row column_structure=&#8220;1_3,2_3&#8243; _builder_version=&#8220;4.27.4&#8243; _module_preset=&#8220;default&#8220; width=&#8220;90%&#8220; custom_margin=&#8220;||||false|false&#8220; custom_padding=&#8220;||0px||false|false&#8220; global_colors_info=&#8220;{}&#8220;][et_pb_column type=&#8220;1_3&#8243; _builder_version=&#8220;4.27.4&#8243; _module_preset=&#8220;default&#8220; global_colors_info=&#8220;{}&#8220;][et_pb_text _builder_version=&#8220;4.27.4&#8243; _module_preset=&#8220;default&#8220; global_colors_info=&#8220;{}&#8220;]<\/p>\n<h4><strong>HABITILATION<\/strong><\/h4>\n<p>[\/et_pb_text][\/et_pb_column][et_pb_column type=&#8220;2_3&#8243; _builder_version=&#8220;4.27.4&#8243; _module_preset=&#8220;default&#8220; global_colors_info=&#8220;{}&#8220;][et_pb_text _builder_version=&#8220;4.27.4&#8243; _module_preset=&#8220;default&#8220; global_colors_info=&#8220;{}&#8220;]<\/p>\n<p>PhD in Molekular Biologie, Deutschland<\/p>\n<p>[\/et_pb_text][\/et_pb_column][\/et_pb_row][et_pb_row column_structure=&#8220;1_3,2_3&#8243; _builder_version=&#8220;4.27.4&#8243; _module_preset=&#8220;default&#8220; width=&#8220;90%&#8220; custom_margin=&#8220;||||false|false&#8220; custom_padding=&#8220;||0px||false|false&#8220; locked=&#8220;off&#8220; global_colors_info=&#8220;{}&#8220;][et_pb_column type=&#8220;1_3&#8243; _builder_version=&#8220;4.27.4&#8243; _module_preset=&#8220;default&#8220; global_colors_info=&#8220;{}&#8220;][et_pb_text _builder_version=&#8220;4.27.4&#8243; _module_preset=&#8220;default&#8220; global_colors_info=&#8220;{}&#8220;]<\/p>\n<h4><strong>BERUFLICHER WERDEGANG<\/strong><\/h4>\n<p>[\/et_pb_text][\/et_pb_column][et_pb_column type=&#8220;2_3&#8243; _builder_version=&#8220;4.27.4&#8243; _module_preset=&#8220;default&#8220; global_colors_info=&#8220;{}&#8220;][et_pb_text _builder_version=&#8220;4.27.4&#8243; _module_preset=&#8220;default&#8220; global_colors_info=&#8220;{}&#8220;]<\/p>\n<p>1995-2000 Assistenz\u00e4rztin am Pathologischen Institut der Universit\u00e4t Ankara, T\u00fcrkei<\/p>\n<p>2000-2001 Fach\u00e4rztin am Pathologischen Institut der Universit\u00e4t Ankara, T\u00fcrkei<\/p>\n<p>2001-2004 Doktorandin am PhD Programm in Molekularmedizin an der Medizinischen Hochschule Hannover, Deutschland<\/p>\n<p>2005-2006 Postdoktorandin am Pathologischen Institut des Weill Medical College der Cornell Universit\u00e4t New York, USA<\/p>\n<p>2008-2015 Dozentin am Pathologischen Institut der Universit\u00e4t Mersin,T\u00fcrkei<\/p>\n<p>2015-2017 Wissenschaftliche Mitarbeiterin am Institut f\u00fcr Pathologie, Universit\u00e4tsklinikum T\u00fcbingen, T\u00fcbingen<\/p>\n<p>2018-2019 Fach\u00e4rztin und Funktionsober\u00e4rztin am Institut f\u00fcr Pathologie des Klinikums Augsburg, Deutschland<\/p>\n<p>2019 Fach\u00e4rztin an der BAG f\u00fcr Pathologie und Molekularpathologie, Stuttgart, Deutschland<\/p>\n<p>[\/et_pb_text][\/et_pb_column][\/et_pb_row][et_pb_row column_structure=&#8220;1_3,2_3&#8243; _builder_version=&#8220;4.27.4&#8243; _module_preset=&#8220;default&#8220; width=&#8220;90%&#8220; custom_margin=&#8220;||||false|false&#8220; custom_padding=&#8220;||0px||false|false&#8220; locked=&#8220;off&#8220; global_colors_info=&#8220;{}&#8220;][et_pb_column type=&#8220;1_3&#8243; _builder_version=&#8220;4.27.4&#8243; _module_preset=&#8220;default&#8220; global_colors_info=&#8220;{}&#8220;][et_pb_text _builder_version=&#8220;4.27.4&#8243; _module_preset=&#8220;default&#8220; global_colors_info=&#8220;{}&#8220;]<\/p>\n<h4><strong>DIAGNOSTISCHE SCHWERPUNKTE<\/strong><\/h4>\n<p>[\/et_pb_text][\/et_pb_column][et_pb_column type=&#8220;2_3&#8243; _builder_version=&#8220;4.27.4&#8243; _module_preset=&#8220;default&#8220; global_colors_info=&#8220;{}&#8220;][et_pb_text _builder_version=&#8220;4.27.4&#8243; _module_preset=&#8220;default&#8220; global_colors_info=&#8220;{}&#8220;]<\/p>\n<p>Gastropathologie<br \/>Gyn\u00e4kopathologie<br \/>H\u00e4matopathologie<\/p>\n<p>[\/et_pb_text][\/et_pb_column][\/et_pb_row][et_pb_row column_structure=&#8220;1_3,2_3&#8243; _builder_version=&#8220;4.27.4&#8243; _module_preset=&#8220;default&#8220; width=&#8220;90%&#8220; custom_margin=&#8220;||||false|false&#8220; custom_padding=&#8220;||0px||false|false&#8220; locked=&#8220;off&#8220; global_colors_info=&#8220;{}&#8220;][et_pb_column type=&#8220;1_3&#8243; _builder_version=&#8220;4.27.4&#8243; _module_preset=&#8220;default&#8220; global_colors_info=&#8220;{}&#8220;][et_pb_text _builder_version=&#8220;4.27.4&#8243; _module_preset=&#8220;default&#8220; global_colors_info=&#8220;{}&#8220;]<\/p>\n<h4><strong>MITGLIEDSCHAFTEN<\/strong><\/h4>\n<p>[\/et_pb_text][\/et_pb_column][et_pb_column type=&#8220;2_3&#8243; _builder_version=&#8220;4.27.4&#8243; _module_preset=&#8220;default&#8220; global_colors_info=&#8220;{}&#8220;][et_pb_text _builder_version=&#8220;4.27.4&#8243; _module_preset=&#8220;default&#8220; global_colors_info=&#8220;{}&#8220;]<\/p>\n<p>Deutsche Gesellschaft f\u00fcr Pathologie (DGP)<br \/>Internationale Akademie f\u00fcr Pathologie (IAP)<br \/>European Association for Haematopathology (EAHP)<\/p>\n<p>[\/et_pb_text][\/et_pb_column][\/et_pb_row][et_pb_row column_structure=&#8220;1_3,2_3&#8243; _builder_version=&#8220;4.27.4&#8243; _module_preset=&#8220;default&#8220; width=&#8220;90%&#8220; custom_margin=&#8220;||||false|false&#8220; custom_padding=&#8220;||0px||false|false&#8220; locked=&#8220;off&#8220; global_colors_info=&#8220;{}&#8220;][et_pb_column type=&#8220;1_3&#8243; _builder_version=&#8220;4.27.4&#8243; _module_preset=&#8220;default&#8220; global_colors_info=&#8220;{}&#8220;][et_pb_text _builder_version=&#8220;4.27.4&#8243; _module_preset=&#8220;default&#8220; global_colors_info=&#8220;{}&#8220;]<\/p>\n<h4><strong>PUBLIKATIONEN<\/strong><\/h4>\n<p>[\/et_pb_text][\/et_pb_column][et_pb_column type=&#8220;2_3&#8243; _builder_version=&#8220;4.27.4&#8243; _module_preset=&#8220;default&#8220; global_colors_info=&#8220;{}&#8220;][et_pb_text _builder_version=&#8220;4.27.4&#8243; _module_preset=&#8220;default&#8220; global_colors_info=&#8220;{}&#8220;]<\/p>\n<p>25 Originalpublikationen<\/p>\n<p>[\/et_pb_text][\/et_pb_column][\/et_pb_row][et_pb_row _builder_version=&#8220;4.27.4&#8243; _module_preset=&#8220;default&#8220; width=&#8220;90%&#8220; custom_margin=&#8220;40px||||false|false&#8220; locked=&#8220;off&#8220; global_colors_info=&#8220;{}&#8220;][et_pb_column type=&#8220;4_4&#8243; _builder_version=&#8220;4.27.4&#8243; _module_preset=&#8220;default&#8220; global_colors_info=&#8220;{}&#8220;][et_pb_button button_url=&#8220;@ET-DC@eyJkeW5hbWljIjp0cnVlLCJjb250ZW50IjoicG9zdF9saW5rX3VybF9wYWdlIiwic2V0dGluZ3MiOnsicG9zdF9pZCI6IjIyOTg0OSJ9fQ==@&#8220; button_text=&#8220;zur\u00fcck zum \u00c4rzte-Team&#8220; _builder_version=&#8220;4.27.4&#8243; _dynamic_attributes=&#8220;button_url&#8220; _module_preset=&#8220;default&#8220; custom_button=&#8220;on&#8220; button_text_color=&#8220;#0092BB&#8220; button_font=&#8220;|700|||||||&#8220; button_icon=&#8220;&#xf053;||fa||900&#8243; button_icon_color=&#8220;#0092BB&#8220; button_icon_placement=&#8220;left&#8220; animation_style=&#8220;slide&#8220; animation_direction=&#8220;bottom&#8220; global_colors_info=&#8220;{}&#8220; button_bg_color__hover_enabled=&#8220;on|hover&#8220; button_bg_color__hover=&#8220;#FFFFFF&#8220; button_bg_enable_color__hover=&#8220;on&#8220;][\/et_pb_button][\/et_pb_column][\/et_pb_row][\/et_pb_section]<\/p>\n","protected":false},"excerpt":{"rendered":"<p>Dr. med. Ebru Serins\u00f6z Linke Fach\u00e4rztin f\u00fcr PathologieVitaSTUDIUM1989-1995 Studium der Humanmedizin an der Universit\u00e4t Ankara, T\u00fcrkeiPROMOTION1995 Medizinische Fakult\u00e4t der Universit\u00e4t Ankara, T\u00fcrkei2017 Erteilung der Approbation durch das Regierungspr\u00e4sidium StuttgartFACHARZT2001 Pathologisches Institut der Universit\u00e4t Ankara, T\u00fcrkei2018 Erteilung der Facharztanerkennung durch die Bezirks\u00e4rztekammer Nordw\u00fcrttembergHABITILATIONPhD in Molekular Biologie, DeutschlandBERUFLICHER WERDEGANG1995-2000 Assistenz\u00e4rztin am Pathologischen Institut der Universit\u00e4t Ankara, T\u00fcrkei [&hellip;]<\/p>\n","protected":false},"author":1,"featured_media":0,"parent":229849,"menu_order":0,"comment_status":"closed","ping_status":"closed","template":"","meta":{"_et_pb_use_builder":"on","_et_pb_old_content":"","_et_gb_content_width":"","footnotes":""},"dipi_cpt_category":[],"class_list":["post-230022","page","type-page","status-publish","hentry"],"_links":{"self":[{"href":"https:\/\/www.qualipath.de\/stuttgart\/wp-json\/wp\/v2\/pages\/230022","targetHints":{"allow":["GET"]}}],"collection":[{"href":"https:\/\/www.qualipath.de\/stuttgart\/wp-json\/wp\/v2\/pages"}],"about":[{"href":"https:\/\/www.qualipath.de\/stuttgart\/wp-json\/wp\/v2\/types\/page"}],"author":[{"embeddable":true,"href":"https:\/\/www.qualipath.de\/stuttgart\/wp-json\/wp\/v2\/users\/1"}],"replies":[{"embeddable":true,"href":"https:\/\/www.qualipath.de\/stuttgart\/wp-json\/wp\/v2\/comments?post=230022"}],"version-history":[{"count":7,"href":"https:\/\/www.qualipath.de\/stuttgart\/wp-json\/wp\/v2\/pages\/230022\/revisions"}],"predecessor-version":[{"id":230478,"href":"https:\/\/www.qualipath.de\/stuttgart\/wp-json\/wp\/v2\/pages\/230022\/revisions\/230478"}],"up":[{"embeddable":true,"href":"https:\/\/www.qualipath.de\/stuttgart\/wp-json\/wp\/v2\/pages\/229849"}],"wp:attachment":[{"href":"https:\/\/www.qualipath.de\/stuttgart\/wp-json\/wp\/v2\/media?parent=230022"}],"wp:term":[{"taxonomy":"dipi_cpt_category","embeddable":true,"href":"https:\/\/www.qualipath.de\/stuttgart\/wp-json\/wp\/v2\/dipi_cpt_category?post=230022"}],"curies":[{"name":"wp","href":"https:\/\/api.w.org\/{rel}","templated":true}]}}