{"id":230026,"date":"2025-02-25T07:06:53","date_gmt":"2025-02-25T06:06:53","guid":{"rendered":"https:\/\/www.qualipath.de\/stuttgart\/?page_id=230026"},"modified":"2025-06-12T09:32:45","modified_gmt":"2025-06-12T07:32:45","slug":"dr-med-elena-hekeler","status":"publish","type":"page","link":"https:\/\/www.qualipath.de\/stuttgart\/team\/aerzte-team\/dr-med-elena-hekeler\/","title":{"rendered":"Dr. med. Elena Hekeler"},"content":{"rendered":"<p>[et_pb_section fb_built=&#8220;1&#8243; admin_label=&#8220;Slider&#8220; _builder_version=&#8220;4.27.4&#8243; _module_preset=&#8220;default&#8220; width=&#8220;100vw&#8220; max_width=&#8220;100vw&#8220; custom_padding=&#8220;0px||0px||false|false&#8220; locked=&#8220;off&#8220; global_colors_info=&#8220;{}&#8220;][et_pb_row _builder_version=&#8220;4.27.4&#8243; _module_preset=&#8220;default&#8220; width=&#8220;90%&#8220; width_tablet=&#8220;100%&#8220; width_phone=&#8220;100%&#8220; width_last_edited=&#8220;on|phone&#8220; custom_margin=&#8220;0px||0px||false|false&#8220; custom_padding=&#8220;0px||0px||false|false&#8220; global_colors_info=&#8220;{}&#8220;][et_pb_column type=&#8220;4_4&#8243; _builder_version=&#8220;4.27.4&#8243; _module_preset=&#8220;default&#8220; global_colors_info=&#8220;{}&#8220;][et_pb_text admin_label=&#8220;Slider-Headline&#8220; _builder_version=&#8220;4.27.4&#8243; _module_preset=&#8220;default&#8220; text_text_color=&#8220;#1D1D1B&#8220; text_font_size=&#8220;28px&#8220; text_line_height=&#8220;1.2em&#8220; header_4_font=&#8220;|600|||||||&#8220; header_4_text_color=&#8220;#1D1D1B&#8220; header_4_font_size=&#8220;30px&#8220; header_4_line_height=&#8220;1.2em&#8220; background_color=&#8220;RGBA(255,255,255,0)&#8220; use_background_color_gradient=&#8220;on&#8220; background_color_gradient_direction=&#8220;91deg&#8220; background_color_gradient_stops=&#8220;#ffffff 0%|rgba(0,196,163,0) 98%&#8220; positioning=&#8220;absolute&#8220; position_origin_a=&#8220;bottom_left&#8220; z_index=&#8220;500&#8243; width=&#8220;50%&#8220; custom_padding=&#8220;2%|5%|1%|5%|false|true&#8220; animation_style=&#8220;slide&#8220; animation_direction=&#8220;bottom&#8220; animation_intensity_slide=&#8220;5%&#8220; hover_enabled=&#8220;0&#8243; global_colors_info=&#8220;{}&#8220; sticky_enabled=&#8220;0&#8243;]<\/p>\n<h1>Dr. med. Elena Hekeler<\/h1>\n<h1><\/h1>\n<p>[\/et_pb_text][et_pb_slider show_arrows=&#8220;off&#8220; show_pagination=&#8220;off&#8220; admin_label=&#8220;Slider-Bild&#8220; _builder_version=&#8220;4.27.4&#8243; _module_preset=&#8220;default&#8220; auto=&#8220;on&#8220; custom_css_slide_title=&#8220;animation-name:fadeTop;&#8220; custom_css_slide_image=&#8220;animation-name:fadeTop;&#8220; global_colors_info=&#8220;{}&#8220; background_enable_image=&#8220;off&#8220; custom_margin=&#8220;||0px||false|false&#8220;][et_pb_slide _builder_version=&#8220;4.27.4&#8243; _module_preset=&#8220;default&#8220; background_enable_color=&#8220;off&#8220; background_image=&#8220;https:\/\/www.qualipath.de\/stuttgart\/wp-content\/uploads\/sites\/2\/2025\/02\/dr-med-hekeler-header.jpg&#8220; background_enable_image=&#8220;on&#8220; global_colors_info=&#8220;{}&#8220; sticky_transition=&#8220;on&#8220;][\/et_pb_slide][\/et_pb_slider][\/et_pb_column][\/et_pb_row][\/et_pb_section][et_pb_section fb_built=&#8220;1&#8243; module_id=&#8220;vita&#8220; _builder_version=&#8220;4.27.4&#8243; _module_preset=&#8220;default&#8220; global_colors_info=&#8220;{}&#8220;][et_pb_row _builder_version=&#8220;4.27.4&#8243; _module_preset=&#8220;default&#8220; width=&#8220;90%&#8220; global_colors_info=&#8220;{}&#8220;][et_pb_column type=&#8220;4_4&#8243; _builder_version=&#8220;4.27.4&#8243; _module_preset=&#8220;default&#8220; global_colors_info=&#8220;{}&#8220;][et_pb_text _builder_version=&#8220;4.27.4&#8243; _module_preset=&#8220;default&#8220; global_colors_info=&#8220;{}&#8220;]<\/p>\n<h3><strong>Fach\u00e4rztin f\u00fcr Pathologie<\/strong><\/h3>\n<p>[\/et_pb_text][\/et_pb_column][\/et_pb_row][et_pb_row _builder_version=&#8220;4.27.4&#8243; _module_preset=&#8220;default&#8220; width=&#8220;90%&#8220; custom_margin=&#8220;||||false|false&#8220; custom_padding=&#8220;||0px||false|false&#8220; global_colors_info=&#8220;{}&#8220;][et_pb_column type=&#8220;4_4&#8243; _builder_version=&#8220;4.27.4&#8243; _module_preset=&#8220;default&#8220; global_colors_info=&#8220;{}&#8220;][et_pb_text _builder_version=&#8220;4.27.4&#8243; _module_preset=&#8220;default&#8220; global_colors_info=&#8220;{}&#8220;]<\/p>\n<h2>Vita<\/h2>\n<p>[\/et_pb_text][\/et_pb_column][\/et_pb_row][et_pb_row column_structure=&#8220;1_3,2_3&#8243; _builder_version=&#8220;4.27.4&#8243; _module_preset=&#8220;default&#8220; width=&#8220;90%&#8220; custom_margin=&#8220;||||false|false&#8220; custom_padding=&#8220;||0px||false|false&#8220; global_colors_info=&#8220;{}&#8220;][et_pb_column type=&#8220;1_3&#8243; _builder_version=&#8220;4.27.4&#8243; _module_preset=&#8220;default&#8220; global_colors_info=&#8220;{}&#8220;][et_pb_text _builder_version=&#8220;4.27.4&#8243; _module_preset=&#8220;default&#8220; global_colors_info=&#8220;{}&#8220;]<\/p>\n<h4><strong>STUDIUM<\/strong><\/h4>\n<p>[\/et_pb_text][\/et_pb_column][et_pb_column type=&#8220;2_3&#8243; _builder_version=&#8220;4.27.4&#8243; _module_preset=&#8220;default&#8220; global_colors_info=&#8220;{}&#8220;][et_pb_text _builder_version=&#8220;4.27.4&#8243; _module_preset=&#8220;default&#8220; global_colors_info=&#8220;{}&#8220;]<\/p>\n<p>2006 \u2013 2008 Semmelweis Universit\u00e4t Budapest, Ungarn<br \/>2008 \u2013 2013 Ruprecht-Karls-Universit\u00e4t Heidelberg<\/p>\n<p>[\/et_pb_text][\/et_pb_column][\/et_pb_row][et_pb_row column_structure=&#8220;1_3,2_3&#8243; _builder_version=&#8220;4.27.4&#8243; _module_preset=&#8220;default&#8220; width=&#8220;90%&#8220; custom_margin=&#8220;||||false|false&#8220; custom_padding=&#8220;||0px||false|false&#8220; global_colors_info=&#8220;{}&#8220;][et_pb_column type=&#8220;1_3&#8243; _builder_version=&#8220;4.27.4&#8243; _module_preset=&#8220;default&#8220; global_colors_info=&#8220;{}&#8220;][et_pb_text _builder_version=&#8220;4.27.4&#8243; _module_preset=&#8220;default&#8220; global_colors_info=&#8220;{}&#8220;]<\/p>\n<h4><strong>PROMOTION<\/strong><\/h4>\n<p>[\/et_pb_text][\/et_pb_column][et_pb_column type=&#8220;2_3&#8243; _builder_version=&#8220;4.27.4&#8243; _module_preset=&#8220;default&#8220; global_colors_info=&#8220;{}&#8220;][et_pb_text _builder_version=&#8220;4.27.4&#8243; _module_preset=&#8220;default&#8220; global_colors_info=&#8220;{}&#8220;]<\/p>\n<p>2013 Pathologisches Institut, Eberhard-Karls-Universit\u00e4t, T\u00fcbingen<\/p>\n<p>[\/et_pb_text][\/et_pb_column][\/et_pb_row][et_pb_row column_structure=&#8220;1_3,2_3&#8243; _builder_version=&#8220;4.27.4&#8243; _module_preset=&#8220;default&#8220; width=&#8220;90%&#8220; custom_margin=&#8220;||||false|false&#8220; custom_padding=&#8220;||0px||false|false&#8220; global_colors_info=&#8220;{}&#8220;][et_pb_column type=&#8220;1_3&#8243; _builder_version=&#8220;4.27.4&#8243; _module_preset=&#8220;default&#8220; global_colors_info=&#8220;{}&#8220;][et_pb_text _builder_version=&#8220;4.27.4&#8243; _module_preset=&#8220;default&#8220; global_colors_info=&#8220;{}&#8220;]<\/p>\n<h4><strong>FACHARZT<\/strong><\/h4>\n<p>[\/et_pb_text][\/et_pb_column][et_pb_column type=&#8220;2_3&#8243; _builder_version=&#8220;4.27.4&#8243; _module_preset=&#8220;default&#8220; global_colors_info=&#8220;{}&#8220;][et_pb_text _builder_version=&#8220;4.27.4&#8243; _module_preset=&#8220;default&#8220; global_colors_info=&#8220;{}&#8220;]<\/p>\n<p>2019<\/p>\n<p>[\/et_pb_text][\/et_pb_column][\/et_pb_row][et_pb_row column_structure=&#8220;1_3,2_3&#8243; _builder_version=&#8220;4.27.4&#8243; _module_preset=&#8220;default&#8220; width=&#8220;90%&#8220; custom_margin=&#8220;||||false|false&#8220; custom_padding=&#8220;||0px||false|false&#8220; locked=&#8220;off&#8220; global_colors_info=&#8220;{}&#8220;][et_pb_column type=&#8220;1_3&#8243; _builder_version=&#8220;4.27.4&#8243; _module_preset=&#8220;default&#8220; global_colors_info=&#8220;{}&#8220;][et_pb_text _builder_version=&#8220;4.27.4&#8243; _module_preset=&#8220;default&#8220; global_colors_info=&#8220;{}&#8220;]<\/p>\n<h4><strong>BERUFLICHER WERDEGANG<\/strong><\/h4>\n<p>[\/et_pb_text][\/et_pb_column][et_pb_column type=&#8220;2_3&#8243; _builder_version=&#8220;4.27.4&#8243; _module_preset=&#8220;default&#8220; global_colors_info=&#8220;{}&#8220;][et_pb_text _builder_version=&#8220;4.27.4&#8243; _module_preset=&#8220;default&#8220; global_colors_info=&#8220;{}&#8220;]<\/p>\n<p>2013 \u2013 2015 Klinikum Stuttgart, Institut f\u00fcr Pathologie<\/p>\n<p>2015 \u2013 2016 Universit\u00e4tsklinikums Hamburg-Eppendorf, Institut f\u00fcr Pathologie<\/p>\n<p>2016 \u2013 2018 Universit\u00e4tsklinikums M\u00fcnster, Gerhard-Domagk-Institut f\u00fcr Pathologie<\/p>\n<p>2018 \u2013 2019 Klinikum Stuttgart, Institut f\u00fcr Pathologie<\/p>\n<p>[\/et_pb_text][\/et_pb_column][\/et_pb_row][et_pb_row column_structure=&#8220;1_3,2_3&#8243; _builder_version=&#8220;4.27.4&#8243; _module_preset=&#8220;default&#8220; width=&#8220;90%&#8220; custom_margin=&#8220;||||false|false&#8220; custom_padding=&#8220;||0px||false|false&#8220; locked=&#8220;off&#8220; global_colors_info=&#8220;{}&#8220;][et_pb_column type=&#8220;1_3&#8243; _builder_version=&#8220;4.27.4&#8243; _module_preset=&#8220;default&#8220; global_colors_info=&#8220;{}&#8220;][et_pb_text _builder_version=&#8220;4.27.4&#8243; _module_preset=&#8220;default&#8220; global_colors_info=&#8220;{}&#8220;]<\/p>\n<h4><strong>DIAGNOSTISCHE SCHWERPUNKTE<\/strong><\/h4>\n<p>[\/et_pb_text][\/et_pb_column][et_pb_column type=&#8220;2_3&#8243; _builder_version=&#8220;4.27.4&#8243; _module_preset=&#8220;default&#8220; global_colors_info=&#8220;{}&#8220;][et_pb_text _builder_version=&#8220;4.27.4&#8243; _module_preset=&#8220;default&#8220; global_colors_info=&#8220;{}&#8220;]<\/p>\n<p>H\u00e4matopathologie<br \/>Uropathologie<br \/>Knochen- und Weichteilpathologie<br \/>Neuropathologie<\/p>\n<p>[\/et_pb_text][\/et_pb_column][\/et_pb_row][et_pb_row column_structure=&#8220;1_3,2_3&#8243; _builder_version=&#8220;4.27.4&#8243; _module_preset=&#8220;default&#8220; width=&#8220;90%&#8220; custom_margin=&#8220;||||false|false&#8220; custom_padding=&#8220;||0px||false|false&#8220; locked=&#8220;off&#8220; global_colors_info=&#8220;{}&#8220;][et_pb_column type=&#8220;1_3&#8243; _builder_version=&#8220;4.27.4&#8243; _module_preset=&#8220;default&#8220; global_colors_info=&#8220;{}&#8220;][et_pb_text _builder_version=&#8220;4.27.4&#8243; _module_preset=&#8220;default&#8220; global_colors_info=&#8220;{}&#8220;]<\/p>\n<h4><strong>MITGLIEDSCHAFTEN<\/strong><\/h4>\n<p>[\/et_pb_text][\/et_pb_column][et_pb_column type=&#8220;2_3&#8243; _builder_version=&#8220;4.27.4&#8243; _module_preset=&#8220;default&#8220; global_colors_info=&#8220;{}&#8220;][et_pb_text _builder_version=&#8220;4.27.4&#8243; _module_preset=&#8220;default&#8220; global_colors_info=&#8220;{}&#8220;]<\/p>\n<p>Internationale Akademie f\u00fcr Pathologie (IAP)<br \/>Bundesverband Deutscher Pathologen (BDP)<\/p>\n<p>[\/et_pb_text][\/et_pb_column][\/et_pb_row][et_pb_row column_structure=&#8220;1_3,2_3&#8243; _builder_version=&#8220;4.27.4&#8243; _module_preset=&#8220;default&#8220; width=&#8220;90%&#8220; custom_margin=&#8220;||||false|false&#8220; custom_padding=&#8220;||0px||false|false&#8220; locked=&#8220;off&#8220; global_colors_info=&#8220;{}&#8220;][et_pb_column type=&#8220;1_3&#8243; _builder_version=&#8220;4.27.4&#8243; _module_preset=&#8220;default&#8220; global_colors_info=&#8220;{}&#8220;][et_pb_text _builder_version=&#8220;4.27.4&#8243; _module_preset=&#8220;default&#8220; global_colors_info=&#8220;{}&#8220;]<\/p>\n<h4><strong>PUBLIKATIONEN<\/strong><\/h4>\n<p>[\/et_pb_text][\/et_pb_column][et_pb_column type=&#8220;2_3&#8243; _builder_version=&#8220;4.27.4&#8243; _module_preset=&#8220;default&#8220; global_colors_info=&#8220;{}&#8220;][et_pb_text _builder_version=&#8220;4.27.4&#8243; _module_preset=&#8220;default&#8220; global_colors_info=&#8220;{}&#8220;]<\/p>\n<p>2020 Histogram Analysis of Diffusion Weighted Imaging in Low-Grade Gliomas: in vivo Characterization of Tumor Architecture and Corresponding<br \/>Neuropathology. Gihr GA, Horvath-Rizea D, Hekeler E, Ganslandt O, Henkes H, Hoffmann K-T, Scherlach C and Schob S. Front Oncol. 2020 Feb 25;10:206. doi: 10.3389\/fonc.2020.00206. eCollection 2020.<br \/>2019 Next-Generation Sequencing zur Differentialdiagnose von Myxomen und Myxofibrosarkomen. Zurek-Leffers F, Sperveslage J, <strong>Hekeler E<\/strong>, Trautmann M, Hartmann W,<br \/>Wardelmann E. Poster im Rahmen der 103. Jahrestagung der Deutschen Gesellschaft f\u00fcr Pathologie e.V., Frankfurt am Main 13. \u2013 15. Juni 2019\u200b<\/p>\n<p>2018 Diagnostic tools in the differential diagnosis of giant cell-rich lesions of bone at biopsy. Rehk\u00e4mper J, Steinestel K, Jeiler B, Elges S, <strong>Hekeler E<\/strong>, Huss S, Sperveslage J, Hardes J, Streitb\u00fcrger A, Gosheger G, Wardelmann E, Baumhoer D, Trautmann M, Hartmann W.<br \/>Oncotarget . 2018 Jul 10; 9(53):30106-30114. doi:<br \/>10.18632\/oncotarget.25725. eCollection 2018 Jul 10.<\/p>\n<p>2017 Role of inflammatory cells and macrophages in gastrointestinal stromal tumors. <strong>Hekeler E<\/strong>, Huss S, Sperveslage J, Trautmann M, Hartmann W, Wardelmann E. Poster im Rahmen der 101. Jahrestagung der Deutschen Gesellschaft f\u00fcr<br \/>Pathologie e.V., Erlangen 22. \u2013 24. Juni 2017<\/p>\n<p>2017 Gastrointestinal stromal tumors of the stomach and precursor lesions. Wardelmann E, Hartmann W, Trautmann M, Sperveslage J, Elges S, <strong>Hekeler E<\/strong>, Huss S. Pathologe. 2017 Mar;38(2):105-111. doi: 10.1007\/s00292-017-<br \/>0275-z. German.<\/p>\n<p>2016 Clinical Utility of Quantitative Gleason Grading in Prostate Biopsies and Prostatectomy Specimens. Sauter G, Steurer S, Clauditz TS, Krech T, Wittmer C, Lutz F, Lennartz M, Janssen T, Hakimi N, Simon R, von Petersdorff-Campen M, Jacobsen F, von Loga K, Wilczak W, Minner S, Tsourlakis MC, Chirico V, Haese A, Heinzer H, Beyer B, Graefen M, Michl U, Salomon G, Steuber T, Bud\u00e4us LH, <strong>Hekeler E<\/strong>, Malsy-Mink J, Kutzera S, Fraune C, G\u00f6bel C, Huland H, Schlomm T. Eur Urol. 2016 Apr;69(4):592-8. doi: 10.1016\/j.eururo.2015.10.029. Epub 2015 Nov 2.<\/p>\n<p>2012 The change of pathology in the era of personalized medicine using the<br \/>example of discordant KRAS mutational status in metastasized colorectal carcinoma .<br \/><strong>Hekeler E<\/strong>, Zoller WG, Wiedorn KH, Bosse A. Dtsch Med Wochenschr. 2012 Nov;137(45):2327-31. doi: 10.1055\/s-0032-1327249. Epub 2012 Oct 30.Review. German.<\/p>\n<p>[\/et_pb_text][\/et_pb_column][\/et_pb_row][et_pb_row _builder_version=&#8220;4.27.4&#8243; _module_preset=&#8220;default&#8220; width=&#8220;90%&#8220; custom_margin=&#8220;40px||||false|false&#8220; locked=&#8220;off&#8220; global_colors_info=&#8220;{}&#8220;][et_pb_column type=&#8220;4_4&#8243; _builder_version=&#8220;4.27.4&#8243; _module_preset=&#8220;default&#8220; global_colors_info=&#8220;{}&#8220;][et_pb_button button_url=&#8220;@ET-DC@eyJkeW5hbWljIjp0cnVlLCJjb250ZW50IjoicG9zdF9saW5rX3VybF9wYWdlIiwic2V0dGluZ3MiOnsicG9zdF9pZCI6IjIyOTg0OSJ9fQ==@&#8220; button_text=&#8220;zur\u00fcck zum \u00c4rzte-Team&#8220; _builder_version=&#8220;4.27.4&#8243; _dynamic_attributes=&#8220;button_url&#8220; _module_preset=&#8220;default&#8220; custom_button=&#8220;on&#8220; button_text_color=&#8220;#0092BB&#8220; button_font=&#8220;|700|||||||&#8220; button_icon=&#8220;&#xf053;||fa||900&#8243; button_icon_color=&#8220;#0092BB&#8220; button_icon_placement=&#8220;left&#8220; animation_style=&#8220;slide&#8220; animation_direction=&#8220;bottom&#8220; global_colors_info=&#8220;{}&#8220; button_bg_color__hover_enabled=&#8220;on|hover&#8220; button_bg_color__hover=&#8220;#FFFFFF&#8220; button_bg_enable_color__hover=&#8220;on&#8220;][\/et_pb_button][\/et_pb_column][\/et_pb_row][\/et_pb_section]<\/p>\n","protected":false},"excerpt":{"rendered":"<p>Dr. med. Elena Hekeler Fach\u00e4rztin f\u00fcr PathologieVitaSTUDIUM2006 \u2013 2008 Semmelweis Universit\u00e4t Budapest, Ungarn2008 \u2013 2013 Ruprecht-Karls-Universit\u00e4t HeidelbergPROMOTION2013 Pathologisches Institut, Eberhard-Karls-Universit\u00e4t, T\u00fcbingenFACHARZT2019BERUFLICHER WERDEGANG2013 \u2013 2015 Klinikum Stuttgart, Institut f\u00fcr Pathologie 2015 \u2013 2016 Universit\u00e4tsklinikums Hamburg-Eppendorf, Institut f\u00fcr Pathologie 2016 \u2013 2018 Universit\u00e4tsklinikums M\u00fcnster, Gerhard-Domagk-Institut f\u00fcr Pathologie 2018 \u2013 2019 Klinikum Stuttgart, Institut f\u00fcr PathologieDIAGNOSTISCHE SCHWERPUNKTEH\u00e4matopathologieUropathologieKnochen- und [&hellip;]<\/p>\n","protected":false},"author":1,"featured_media":0,"parent":229849,"menu_order":0,"comment_status":"closed","ping_status":"closed","template":"","meta":{"_et_pb_use_builder":"on","_et_pb_old_content":"","_et_gb_content_width":"","footnotes":""},"dipi_cpt_category":[],"class_list":["post-230026","page","type-page","status-publish","hentry"],"_links":{"self":[{"href":"https:\/\/www.qualipath.de\/stuttgart\/wp-json\/wp\/v2\/pages\/230026","targetHints":{"allow":["GET"]}}],"collection":[{"href":"https:\/\/www.qualipath.de\/stuttgart\/wp-json\/wp\/v2\/pages"}],"about":[{"href":"https:\/\/www.qualipath.de\/stuttgart\/wp-json\/wp\/v2\/types\/page"}],"author":[{"embeddable":true,"href":"https:\/\/www.qualipath.de\/stuttgart\/wp-json\/wp\/v2\/users\/1"}],"replies":[{"embeddable":true,"href":"https:\/\/www.qualipath.de\/stuttgart\/wp-json\/wp\/v2\/comments?post=230026"}],"version-history":[{"count":9,"href":"https:\/\/www.qualipath.de\/stuttgart\/wp-json\/wp\/v2\/pages\/230026\/revisions"}],"predecessor-version":[{"id":230479,"href":"https:\/\/www.qualipath.de\/stuttgart\/wp-json\/wp\/v2\/pages\/230026\/revisions\/230479"}],"up":[{"embeddable":true,"href":"https:\/\/www.qualipath.de\/stuttgart\/wp-json\/wp\/v2\/pages\/229849"}],"wp:attachment":[{"href":"https:\/\/www.qualipath.de\/stuttgart\/wp-json\/wp\/v2\/media?parent=230026"}],"wp:term":[{"taxonomy":"dipi_cpt_category","embeddable":true,"href":"https:\/\/www.qualipath.de\/stuttgart\/wp-json\/wp\/v2\/dipi_cpt_category?post=230026"}],"curies":[{"name":"wp","href":"https:\/\/api.w.org\/{rel}","templated":true}]}}